{"id":139,"date":"2014-10-27T06:48:46","date_gmt":"2014-10-26T23:48:46","guid":{"rendered":"http:\/\/demo.ovatheme.com\/imevent\/?page_id=139"},"modified":"2021-10-16T05:54:16","modified_gmt":"2021-10-15T22:54:16","slug":"index","status":"publish","type":"page","link":"https:\/\/tagung.id-germanistenverband.org\/2021\/","title":{"rendered":"Home 1"},"content":{"rendered":"<p>[vc_row full_width=&#8221;stretch_row_content_no_spaces&#8221;][vc_column]<div id=\"main-slider\" data-height_desk=\"fullheight\" data-height_ipad=\"fullheight\" data-height_mobile=\"768px\" data-loop=\"true\" data-auto_slider=\"true\" data-duration=\"3000\" data-navigation=\"true\"  class=\"owl-carousel owl-theme multi-bg \"><div class=\"item page text-center slide0\" style=\"background: url(https:\/\/tagung.id-germanistenverband.org\/2021\/wp-content\/uploads\/2014\/10\/Image-Tagung-scaled.jpg) no-repeat\" >\n                    <div class=\"caption\">\n                        \n                            <div class=\"div-table\">\n                                <div class=\"div-cell\"><div class=\"container\"><h2 class=\"caption-title\" data-animation=\"fadeInDown\" data-animation-delay=\"100\"><span>21.-22. Oktober 2021<\/span><\/h2><h3 class=\"caption-subtitle\" data-animation=\"fadeInUp\" data-animation-delay=\"300\">5. Internationale Konferenz des Indonesischen Germanistenverbandes<\/h3><div class=\"countdown-wrapper\">\n                            <div class=\"defaultCountdown clearfix\" \n                                       data-years=Jahre data-months=Monate data-weeks=\"Wochen\" data-days=\"Tage\" data-hours=\"Stunden\" data-minutes=\"Minuten\" data-seconds=\"Sekunden\" \n                                       data-year=Jahr data-month=Monat data-week=\"Woche\" data-day=\"Tag\" data-hour=\"Stunde\" data-minute=\"Minute\" data-second=\"Sekunde\" \n                                       data-end_date_y = \"2021\" data-end_date_m=\"12\" data-end_date_d=\"15\" \n                                       data-end_date_h = \"23\" data-end_date_i = \"30\" \n                                       data-timezone = \"+7\" data-display_format=\"dHMS\"\n                            ><\/div>\n                        <\/div><p class=\"caption-text\">\n                            <a class=\"btn btn-theme btn-theme-xl scroll-to\" href=\"https:\/\/tagung.id-germanistenverband.org\/2021\/register\" data-animation=\"flipInY\" data-animation-delay=\"600\"> Register <i class=\"fa fa-arrow-circle-right\"><\/i><\/a>\n                        <\/p><\/div><\/div><\/div><\/div><\/div><div class=\"item page text-center slide1\" style=\"background: url(https:\/\/tagung.id-germanistenverband.org\/2021\/wp-content\/uploads\/2014\/10\/Image-1.png) no-repeat\" >\n                    <div class=\"caption\">\n                        \n                            <div class=\"div-table\">\n                                <div class=\"div-cell\"><div class=\"container\"><h2 class=\"caption-title\" data-animation=\"fadeInDown\" data-animation-delay=\"100\"><span>Thema<\/span><\/h2><h3 class=\"caption-subtitle\" data-animation=\"fadeInUp\" data-animation-delay=\"300\">\"Kontrastive Studien in Germanistik und DaF\"<\/h3><p class=\"caption-text\"><a class=\"btn btn-theme btn-theme-xl scroll-to\" href=\"https:\/\/tagung.id-germanistenverband.org\/2021\/register\" data-animation=\"flipInY\" data-animation-delay=\"600\">Register&nbsp;<i class=\"fa fa-arrow-circle-right\"><\/i><\/a><\/p><\/div><\/div><\/div><\/div><\/div><div class=\"item page text-center slide2\" style=\"background: url() no-repeat\" >\n                    <div class=\"caption\">\n                        \n                            <div class=\"div-table\">\n                                <div class=\"div-cell\"><div class=\"container\"><h2 class=\"caption-title\" data-animation=\"fadeInDown\" data-animation-delay=\"100\"><span>Sektionen<\/span><\/h2><h3 class=\"caption-subtitle\" data-animation=\"fadeInUp\" data-animation-delay=\"300\">Linguistik, Literatur, DaF, Kultur und Landeskunde und Medien<\/h3><p class=\"caption-text\"><\/p><\/div><\/div><\/div><\/div><\/div><div class=\"item page text-center slide3\" style=\"background: url() no-repeat\" >\n                    <div class=\"caption\">\n                        \n                            <div class=\"div-table\">\n                                <div class=\"div-cell\"><div class=\"container\"><h2 class=\"caption-title\" data-animation=\"fadeInDown\" data-animation-delay=\"100\"><span>Wichtige Information<\/span><\/h2><h3 class=\"caption-subtitle\" data-animation=\"fadeInUp\" data-animation-delay=\"300\">Die Einsendung des Beitrags vom 15.11. bis zum 15.12.2021<\/h3><div class=\"countdown-wrapper\">\n                            <div class=\"defaultCountdown clearfix\" \n                                       data-years=Jahre data-months=Monate data-weeks=\"Wochen\" data-days=\"Tage\" data-hours=\"Stunden\" data-minutes=\"Minuten\" data-seconds=\"Sekunden\" \n                                       data-year=Jahr data-month=Monat data-week=\"Woche\" data-day=\"Tag\" data-hour=\"Stunde\" data-minute=\"Minute\" data-second=\"Sekunde\" \n                                       data-end_date_y = \"2021\" data-end_date_m=\"12\" data-end_date_d=\"15\" \n                                       data-end_date_h = \"23\" data-end_date_i = \"30\" \n                                       data-timezone = \"+7\" data-display_format=\"dHMS\"\n                            ><\/div>\n                        <\/div><\/div><\/div><\/div><\/div><\/div><\/div>[\/vc_column][\/vc_row][vc_row fullwidth=&#8221;no&#8221; bg_image_custom=&#8221;121&#8243; el_id=&#8221;home&#8221; css=&#8221;.vc_custom_1618845764232{margin-top: 0px !important;margin-bottom: 0px !important;border-top-width: 0px !important;border-bottom-width: 0px !important;padding-top: 0px !important;padding-bottom: 0px !important;}&#8221; parallax_bg=&#8221;1&#8243; stellar_background_ratio=&#8221;0.6&#8243;][vc_column css=&#8221;.vc_custom_1417507329606{padding-bottom: 0px !important;}&#8221;]\n      <div class=\"event-description \">        \n        <div class=\"event-background\" style=\"background-color:#1e73be\">\n            <div class=\"container-fluid\">\n                <div class=\"row\">\n                    \n            <div class=\"col-md-3\">\n              <div class=\"media \">\n                          <span class=\"pull-left\">\n                              <i class=\"fa fa-calendar fa-2x\"><\/i>\n                          <\/span>\n                  <div class=\"media-body\">\n                      <h4 class=\"media-heading\">Wann?<\/h4>\n                      <span>21.-22. Oktober 2021<\/span>\n                  <\/div>\n              <\/div>\n            <\/div>\n    \n            <div class=\"col-md-5\">\n              <div class=\"media \">\n                          <span class=\"pull-left\">\n                              <i class=\"fa fa-map-marker fa-2x\"><\/i>\n                          <\/span>\n                  <div class=\"media-body\">\n                      <h4 class=\"media-heading\">Wo?<\/h4>\n                      <span>Fakultas Sastra, Universitas Negeri Malang<\/span>\n                  <\/div>\n              <\/div>\n            <\/div>\n    \n            <div class=\"col-md-4\">\n              <div class=\"media \">\n                          <span class=\"pull-left\">\n                              <i class=\"fa fa-users fa-2x\"><\/i>\n                          <\/span>\n                  <div class=\"media-body\">\n                      <h4 class=\"media-heading\">Veranstalter?<\/h4>\n                      <span>Indonesischer Germanistenverband<\/span>\n                  <\/div>\n              <\/div>\n            <\/div>\n    \n                <\/div>\n            <\/div>        \n        <\/div>\n    <\/div>\n    [vc_row_inner][vc_column_inner][vc_column_text]<\/p>\n<h2 style=\"text-align: center;\"><strong><span style=\"color: #ff0000;\"><code><div class='marquee-hsas-shortcode-69' style='width: 100%;overflow: hidden;'><a style=\"text-decoration: none;\" href=\"https:\/\/tagung.id-germanistenverband.org\/2021\/publikation\/\" target=\"_self\"><span style=\"\">Liebe Kolleginnen und Kollegen! \r\nauf vielfachen Wunsch hat sich die Tagungsleitung der 5. iKoniG entschlossen, die Frist f\u00fcr die Einreichung von Beitr\u00e4gen zu verl\u00e4ngern. Nutzen Sie die M\u00f6glichkeit und reichen Sie Ihren Beitrag noch bis einschlie\u00dflich 26. Dezember 2021 ein!<\/span><\/a><\/div><script>jQuery(function(){jQuery('.marquee-hsas-shortcode-69').marquee({allowCss3Support: true,css3easing: 'linear',easing: 'linear',delayBeforeStart: 2000,direction: 'left',duplicated: true,duration: 20000,gap: 600,pauseOnCycle: true,pauseOnHover: true,startVisible: true});});<\/script><\/code><\/span><\/strong><\/h2>\n<p>[\/vc_column_text][\/vc_column_inner][\/vc_row_inner][\/vc_column][\/vc_row][vc_row content_placement=&#8221;top&#8221; section_id=&#8221;sponsors&#8221; css=&#8221;.vc_custom_1628619902196{margin-top: 0px !important;margin-bottom: 0px !important;border-top-width: 0px !important;border-bottom-width: 0px !important;padding-top: 35px !important;padding-bottom: 60px !important;}&#8221; fullwidth=&#8221;no&#8221; el_id=&#8221;sponsors&#8221; el_class=&#8221;text-center&#8221; parallax_bg=&#8221;0&#8243; stellar_background_ratio=&#8221;0.6&#8243; ova_bg_pattern=&#8221;#ffffff&#8221;][vc_column width=&#8221;1\/3&#8243; css=&#8221;.vc_custom_1541847235992{padding-bottom: 45px !important;}&#8221;][vc_single_image image=&#8221;1493&#8243; img_size=&#8221;590&#215;261&#8243; alignment=&#8221;center&#8221;][\/vc_column][vc_column width=&#8221;1\/3&#8243;][vc_single_image image=&#8221;1792&#8243; img_size=&#8221;945&#215;261&#8243; alignment=&#8221;center&#8221;][\/vc_column][vc_column width=&#8221;1\/3&#8243;][vc_single_image image=&#8221;1790&#8243; img_size=&#8221;90&#215;90&#8243; alignment=&#8221;center&#8221;][\/vc_column][\/vc_row][vc_row fullwidth=&#8221;no&#8221; bg_image_custom=&#8221;121&#8243; el_id=&#8221;home&#8221; css=&#8221;.vc_custom_1618845764232{margin-top: 0px !important;margin-bottom: 0px !important;border-top-width: 0px !important;border-bottom-width: 0px !important;padding-top: 0px !important;padding-bottom: 0px !important;}&#8221; parallax_bg=&#8221;1&#8243; stellar_background_ratio=&#8221;0.6&#8243;][vc_column][vc_row_inner][vc_column_inner width=&#8221;1\/4&#8243;]\n      <h3 class=\"section-title \"><span data-animation=\"flipInY\" data-animation-delay=\"300\" class=\"icon-inner\"><span class=\"fa-stack\"><i class=\"fa wohex fa-stack-2x\"><\/i><i class=\"fa fa-edit fa-stack-1x\"><\/i><\/span><\/span><span data-animation=\"fadeInRight\" data-animation-delay=\"500\" class=\"title-inner\">\u00dcber die Konferenz <small> <\/small><\/span><\/h3>\n    [\/vc_column_inner][vc_column_inner width=&#8221;3\/4&#8243;][vc_column_text]<\/p>\n<h2 style=\"text-align: center;\"><strong>5. Internationale Konferenz<br \/>\ndes Indonesischen Germanistenverbandes (IGV) zu\u00a0<\/strong><strong>Kontrastiven Studien in Germanistik und DaF<\/strong><\/h2>\n<p style=\"text-align: center;\"><strong>\u00a0<\/strong><strong>21. &#8211; 22. Oktober 2021<\/strong><\/p>\n<h4 style=\"text-align: center;\"><strong>Universitas Negeri Malang <\/strong><\/h4>\n<h4><\/h4>\n<p>Die kontrastierende Betrachtung sprachlicher Ph\u00e4nomene ist nach wie vor ein fester Bestandteil sprachwissenschaftlicher Forschungsmethoden. Kontraste erlauben der menschlichen Wahrnehmung, einzelne Sprachph\u00e4nomene wie Sprachlaute, W\u00f6rter und S\u00e4tze zu erkennen. In der Linguistik finden sich inzwischen zahlreiche Arbeiten in den Bereichen Pragmatik, Semantik, Lexikologie, Typologie und Grammatiktheorie, die sich der Methode der Kontrastiven Sprachbetrachtung bedienen. Dass Lernende beim Lernen versuchen, die bereits in ihrer Kognition gespeicherten Kenntnisse mit den neuen erworbenen Lernerfahrungen gegen\u00fcberzustellen und Vergleiche zu machen, ist bekannt. Im Kontext des Erlernens einer Fremdsprache tritt dieses Ph\u00e4nomen vor allem dann auf, wenn die Lernenden die gelernte Fremdsprache mit der Muttersprache sowie gegebenenfalls einer ersten Fremdsprache vergleichen. Solche Vergleiche sind selbstverst\u00e4ndlich und haben ihre Relevanz, weil sie es erm\u00f6glichen, die Unterschiede und Gemeinsamkeiten der Erst- und Fremdsprache zu identifizieren und zu erfassen bzw. zu verstehen. Dies kann zum Verst\u00e4ndnis (und sogar zur Beherrschung) der gelernten Fremdsprache beitragen. Aus Sicht der Lehrenden sollte der Vergleich von Mutter- und Fremdsprache f\u00fcr den Lehr- und Lernprozess daher sehr hilfreich sein.<\/p>\n<p>Die Germanistik in S\u00fcdostasien hat die kontrastive Sprachbetrachtung in vielfacher Weise f\u00fcr sich nutzbar gemacht und weiterentwickelt. In der Lehre und Forschung sind kontrastive Verfahrensweisen dabei vor allem im Hinblick auf die deutsche Sprachelehre angewendet worden. In der Forschung zu Deutsch als Fremdsprache\/Zweitsprache sind Konzepte kulturellen Lernens wie die Interkulturelle Landeskunde oder kulturwissenschaftliche Ans\u00e4tze inzwischen etabliert und auch in der Praxis sind sie weit verbreitet; gerade was die Anwendung in der Praxis betrifft, er\u00f6ffnet sich ein gro\u00dfes Feld u.a. f\u00fcr empirische Studien.<\/p>\n<p>Im Bereich der Literatur-, Kultur- und Medienwissenschaft stehen komparatistische Analysen in Bezug auf au\u00dfereurop\u00e4ische Sprachen bisher noch eher selten im Fokus der Forschung. Dabei k\u00f6nnen z.B. Untersuchungen zur \u00dcbersetzung und Rezeption deutschsprachiger Literatur den Blick f\u00fcr Funktionsweisen von Kulturtransfers sch\u00e4rfen. In der Literatur der Gegenwart ist Mehrsprachigkeit ein Ph\u00e4nomen, das im Zuge von Globalisierung und Migration erneut an Aufmerksamkeit gewonnen hat. Insbesondere Feridun Zaimo\u011flus Deb\u00fctroman<em> Kanak Sprak &#8211; <\/em><em>24 Mi\u00dft\u00f6ne vom Rande der Gesellschaft<\/em> (1995) mit seiner Kunstsprache aus deutschen, t\u00fcrkischen und englischen W\u00f6rtern und Strukturen war eine Art Initialz\u00fcndung f\u00fcr die literaturwissenschaftliche Befassung mit literarischer Mehrsprachigkeit, die nun unter Begriffen wie \u201etextuelle Mehrsprachigkeit\u201c, \u201ehybride Literaturen\u201c oder \u201eExophonie\u201c beschrieben wurde. Auch in der Lyrik seit der Jahrtausendwende ist Multilingualit\u00e4t, unabh\u00e4ngig von individuellen Autor*innenbiographien, zu einem bestimmenden Element geworden, das eine besondere \u201epoetische Energie\u201c (Christian Metz) erm\u00f6glicht.<\/p>\n<p>Die Tagung will in dieser Hinsicht eine Plattform f\u00fcr den Austausch zum Thema bieten. Zudem soll sie es den Teilnehmenden erm\u00f6glichen, Entwicklungen des Faches Germanistik vor dem Hintergrund aktueller Internationalisierungsdynamiken im Hochschulbereich zu diskutieren. Hochschulen verstehen sich heute zunehmend als Wissensorganisationen, die sich in einem regionalen oder gar globalen Wettbewerb behaupten m\u00fcssen. Immer entscheidender wird dabei die Platzierung in Hochschulrankings, die Anzahl wissenschaftlicher Ver\u00f6ffentlichungen in internationalen Fachzeitschriften und die Mobilit\u00e4t von Studierenden und Lehrenden. Bezogen auf die Germanistik haben diese Internationalisierungsbewegungen, nicht nur in S\u00fcdostasien, die Ausdifferenzierung und Profilbildung von Studienangeboten gef\u00f6rdert, zugleich aber auch die Frage nach der Relevanz des Faches f\u00fcr heutige Gesellschaften neu gestellt.<\/p>\n<p>Vor diesem Hintergrund sollen u.a. folgende Fragen diskutiert werden:<\/p>\n<ul>\n<li>Inwiefern ist bisher die kontrastive Sprachbetrachtung als Forschungs- und Lehrmethode eingesetzt worden?<\/li>\n<li>Welches Potenzial hat die kontrastive Sprachbetrachtung f\u00fcr die moderne Fremdsprachdidaktik?<\/li>\n<li>Welche Relevanz haben Lernerkorpora f\u00fcr kontrastive Studien, und wie k\u00f6nnen Erkenntnisse der Kontrastiven Studien f\u00fcr den DaF-Unterricht nutzbar gemacht werden?<\/li>\n<li>Wie verh\u00e4lt sich die kontrastive Sprachbetrachtung zu anderen Ans\u00e4tzen der Mehrsprachigkeitsforschung?<\/li>\n<li>Wie l\u00e4sst sich die elektronische Kommunikation f\u00fcr den Sprach- und Kulturvergleich nutzen?<\/li>\n<li>Welche M\u00f6glichkeiten hat das Konzept der Transkulturalit\u00e4t f\u00fcr die Translationsforschung?<\/li>\n<li>Wie werden Mehrsprachigkeit, Sprachwechsel und Interkulturalit\u00e4t in der zeitgen\u00f6ssischen deutschsprachigen Literatur inszeniert und verhandelt?<\/li>\n<li>Wie unterscheidet sich das Deutschstudium in S\u00fcdostasien im Hinblick auf akademische Traditionen, Kulturen, Lern- und Lehrpraktiken?<\/li>\n<\/ul>\n<p>Tagungsbeitr\u00e4ge werden erbeten aus den Bereichen:<\/p>\n<ul>\n<li>Kontrastive Linguistik<\/li>\n<li>Korpuslinguistik<\/li>\n<li>Intermedialit\u00e4tsforschung<\/li>\n<li>Deutsch als Fremdsprache\/Zweitsprache<\/li>\n<li>Komparatistik<\/li>\n<li>Literaturwissenschaft<\/li>\n<li>Medien- und Kulturwissenschaft<\/li>\n<li>\u00dcbersetzungswissenschaft.<\/li>\n<\/ul>\n<p>[\/vc_column_text][\/vc_column_inner][\/vc_row_inner][\/vc_column][\/vc_row][vc_row section_id=&#8221;thema&#8221; css=&#8221;.vc_custom_1628624611521{margin-top: 0px !important;margin-bottom: 0px !important;border-top-width: 0px !important;border-bottom-width: 0px !important;padding-top: 35px !important;padding-bottom: 68px !important;}&#8221; fullwidth=&#8221;no&#8221; el_id=&#8221;about&#8221; parallax_bg=&#8221;0&#8243; stellar_background_ratio=&#8221;0.6&#8243;][vc_column][vc_row_inner][vc_column_inner width=&#8221;1\/4&#8243;]\n      <h3 class=\"section-title \"><span data-animation=\"flipInY\" data-animation-delay=\"\" class=\"icon-inner\"><span class=\"fa-stack\"><i class=\"fa wohex fa-stack-2x\"><\/i><i class=\"fa fa-sitemap fa-stack-1x\"><\/i><\/span><\/span><span data-animation=\"fadeInRight\" data-animation-delay=\"500\" class=\"title-inner\">Themen und Unterthemen <small> <\/small><\/span><\/h3>\n    [\/vc_column_inner][vc_column_inner width=&#8221;3\/4&#8243;][vc_column_text]<strong>Thema:<\/strong><\/p>\n<div>\n<h3><strong>&#8220;<span style=\"color: #ff0000;\">Kontrastive Studien in Germanistik und DaF<\/span>&#8220;<\/strong><\/h3>\n<\/div>\n<p><strong><span id=\"result_box\" class=\"short_text\" lang=\"de\" xml:lang=\"de\">Unterthemen<\/span>:<\/strong><\/p>\n<p>Es werden Beitr\u00e4ge aus den folgenden Bereichen erbeten:<\/p>\n<ul>\n<li><strong>Linguistik<\/strong><\/li>\n<li><strong>Literatur<\/strong><\/li>\n<li><strong>Deutsch als Fremdsprache<\/strong><\/li>\n<li><strong>Kultur und Landeskunde<\/strong><\/li>\n<li><strong>Medien<\/strong><\/li>\n<\/ul>\n<p>[\/vc_column_text][\/vc_column_inner][\/vc_row_inner][\/vc_column][\/vc_row][vc_row section_id=&#8221;speakers&#8221; el_class=&#8221;light text-center&#8221; fullwidth=&#8221;no&#8221; css=&#8221;.vc_custom_1428394581045{margin-top: 0px !important;margin-bottom: 0px !important;border-top-width: 0px !important;border-bottom-width: 0px !important;padding-top: 70px !important;padding-bottom: 70px !important;}&#8221; el_id=&#8221;speakers&#8221; parallax_bg=&#8221;0&#8243; stellar_background_ratio=&#8221;0.6&#8243;][vc_column css=&#8221;.vc_custom_1414548417251{margin-top: 0px !important;margin-bottom: 0px !important;}&#8221;]\n      <h3 class=\"section-title text-left\"><span data-animation=\"flipInY\" data-animation-delay=\"300\" class=\"icon-inner\"><span class=\"fa-stack\"><i class=\"fa wohex fa-stack-2x\"><\/i><i class=\"fa fa-user fa-stack-1x\"><\/i><\/span><\/span><span data-animation=\"fadeInRight\" data-animation-delay=\"500\" class=\"title-inner\">Referenten <small> <\/small><\/span><\/h3>\n    <div class=\"row thumbnails speaker clear \"><div class=\"clearfix\"><\/div>\n              <div class=\"col-md-3 col-sm-6 \" data-animation=\"fadeInUp\" data-animation-delay=\"100\"><div class=\"thumbnail no-border no-padding no-radius square text-center\"><div class=\"media\"><img decoding=\"async\" src=\"https:\/\/tagung.id-germanistenverband.org\/2021\/wp-content\/uploads\/2014\/10\/1.-Prof.-Christian-Krekeler-300x300.jpeg\" alt=\"\" class=\"img-responsive\"><div class=\"caption hovered\">\n                                                    <div class=\"caption-wrapper div-table\">\n                                                        <div class=\"caption-inner div-cell\">\n                                                            <p class=\"caption-buttons\"><a href=\"https:\/\/tagung.id-germanistenverband.org\/2021\/speaker\/referent1\/\" class=\"btn caption-link\"><i class=\"fa fa-link\"><\/i><\/a><\/p>\n                                                        <\/div>\n                                                    <\/div>\n                                                <\/div><\/div><div class=\"caption before-media\">\n                          <h3 class=\"caption-title\"><a href=\"https:\/\/tagung.id-germanistenverband.org\/2021\/speaker\/referent1\/\">Prof. Dr. Christian Krekeler<\/a><\/h3><p class=\"caption-category\">Hochschule Konstanz HTWG, Deutschland<\/p>\n                      <\/div>\n                      <div class=\"caption\"><div class=\"speaker_desc\"><\/div><ul class=\"social-line social-wohex list-inline text-center\"><\/ul>\n                      <\/div>\n                  <\/div>\n              <\/div>\n            \n              <div class=\"col-md-3 col-sm-6 \" data-animation=\"fadeInUp\" data-animation-delay=\"100\"><div class=\"thumbnail no-border no-padding no-radius square text-center\"><div class=\"media\"><img decoding=\"async\" src=\"https:\/\/tagung.id-germanistenverband.org\/2021\/wp-content\/uploads\/2020\/10\/2.-Fr.-Juliane-Stude-300x300.jpeg\" alt=\"\" class=\"img-responsive\"><div class=\"caption hovered\">\n                                                    <div class=\"caption-wrapper div-table\">\n                                                        <div class=\"caption-inner div-cell\">\n                                                            <p class=\"caption-buttons\"><a href=\"https:\/\/tagung.id-germanistenverband.org\/2021\/speaker\/referent2\/\" class=\"btn caption-link\"><i class=\"fa fa-link\"><\/i><\/a><\/p>\n                                                        <\/div>\n                                                    <\/div>\n                                                <\/div><\/div><div class=\"caption before-media\">\n                          <h3 class=\"caption-title\"><a href=\"https:\/\/tagung.id-germanistenverband.org\/2021\/speaker\/referent2\/\">Prof. Dr. Juliane Stude<\/a><\/h3><p class=\"caption-category\">Westf\u00e4lische Wilhelms-Universit\u00e4t M\u00fcnster, Deutschland<\/p>\n                      <\/div>\n                      <div class=\"caption\"><div class=\"speaker_desc\"><\/div><ul class=\"social-line social-wohex list-inline text-center\"><\/ul>\n                      <\/div>\n                  <\/div>\n              <\/div>\n            \n              <div class=\"col-md-3 col-sm-6 \" data-animation=\"fadeInUp\" data-animation-delay=\"100\"><div class=\"thumbnail no-border no-padding no-radius square text-center\"><div class=\"media\"><img decoding=\"async\" src=\"https:\/\/tagung.id-germanistenverband.org\/2021\/wp-content\/uploads\/2014\/10\/3.-Fr.-Korakoch-300x300.jpeg\" alt=\"\" class=\"img-responsive\"><div class=\"caption hovered\">\n                                                    <div class=\"caption-wrapper div-table\">\n                                                        <div class=\"caption-inner div-cell\">\n                                                            <p class=\"caption-buttons\"><a href=\"https:\/\/tagung.id-germanistenverband.org\/2021\/speaker\/referent3\/\" class=\"btn caption-link\"><i class=\"fa fa-link\"><\/i><\/a><\/p>\n                                                        <\/div>\n                                                    <\/div>\n                                                <\/div><\/div><div class=\"caption before-media\">\n                          <h3 class=\"caption-title\"><a href=\"https:\/\/tagung.id-germanistenverband.org\/2021\/speaker\/referent3\/\">Prof. Dr. Korakoch Attaviriyanupap<\/a><\/h3><p class=\"caption-category\">Silpakorn University in Nakhon Pathom, Thailand<\/p>\n                      <\/div>\n                      <div class=\"caption\"><div class=\"speaker_desc\"><\/div><ul class=\"social-line social-wohex list-inline text-center\"><\/ul>\n                      <\/div>\n                  <\/div>\n              <\/div>\n            \n              <div class=\"col-md-3 col-sm-6 \" data-animation=\"fadeInUp\" data-animation-delay=\"100\"><div class=\"thumbnail no-border no-padding no-radius square text-center\"><div class=\"media\"><img decoding=\"async\" src=\"https:\/\/tagung.id-germanistenverband.org\/2021\/wp-content\/uploads\/2015\/04\/Foto-Iwa-Sobara-300x300.jpg\" alt=\"\" class=\"img-responsive\"><div class=\"caption hovered\">\n                                                    <div class=\"caption-wrapper div-table\">\n                                                        <div class=\"caption-inner div-cell\">\n                                                            <p class=\"caption-buttons\"><a href=\"https:\/\/tagung.id-germanistenverband.org\/2021\/speaker\/referent4\/\" class=\"btn caption-link\"><i class=\"fa fa-link\"><\/i><\/a><\/p>\n                                                        <\/div>\n                                                    <\/div>\n                                                <\/div><\/div><div class=\"caption before-media\">\n                          <h3 class=\"caption-title\"><a href=\"https:\/\/tagung.id-germanistenverband.org\/2021\/speaker\/referent4\/\">Dr. des. Iwa Sobara, M. A.<\/a><\/h3><p class=\"caption-category\">Universitas Negeri Malang, Indonesien<\/p>\n                      <\/div>\n                      <div class=\"caption\"><div class=\"speaker_desc\"><\/div><ul class=\"social-line social-wohex list-inline text-center\"><\/ul>\n                      <\/div>\n                  <\/div>\n              <\/div>\n            <\/div>[\/vc_column][\/vc_row][vc_row equal_height=&#8221;yes&#8221; content_placement=&#8221;top&#8221; css_animation=&#8221;zoomInRight&#8221; section_id=&#8221;schedule&#8221; css=&#8221;.vc_custom_1628610817642{margin-top: 0px !important;margin-bottom: 0px !important;border-top-width: 0px !important;border-bottom-width: 0px !important;padding-top: 70px !important;padding-bottom: 35px !important;border-top-color: #000000 !important;border-bottom-color: #000000 !important;border-radius: 3px !important;}&#8221; fullwidth=&#8221;no&#8221; el_class=&#8221;light&#8221; el_id=&#8221;schedule&#8221; parallax_bg=&#8221;0&#8243; stellar_background_ratio=&#8221;0.6&#8243;][vc_column width=&#8221;1\/2&#8243;]\n      <h3 class=\"section-title \"><span data-animation=\"fadeInRight\" data-animation-delay=\"500\" class=\"title-inner\">Programmablauf <small> <\/small><\/span><\/h3>\n    [\/vc_column][vc_column width=&#8221;1\/2&#8243; css=&#8221;.vc_custom_1628610957777{border-radius: 2px !important;}&#8221;][\/vc_column][\/vc_row][vc_column][\/vc_column][vc_separator color=&#8221;black&#8221;][vc_row][vc_column]<div class=\"schedule-wrapper clear \" ><div class=\"schedule-tabs lv1\">\n                        <ul id=\"tabs-lv1\"  class=\"nav nav-justified\"><li class=\"active\"><a href=\"#tab-tag-01\" data-toggle=\"tab\"><strong>Donnerstag<\/strong> <br\/>21.10.2021<\/a><\/li><li ><a href=\"#tab-tag-02\" data-toggle=\"tab\"><strong>Freitag<\/strong> <br\/>22.10.2021<\/a><\/li><\/ul><\/div><div class=\"tab-content lv1\"><div id=\"tab-tag-01\" class=\"tab-pane  in active\"><div class=\"schedule-tabs lv2\">\n                                  <ul id=\"tabs-lv20\"  class=\"nav nav-justified\"><li class=\"active\"><a href=\"#tab-lv2-eroeffnung\" data-toggle=\"tab\">Er\u00f6ffnung<\/a><\/li><li ><a href=\"#tab-lv2-1-plenarvortrag\" data-toggle=\"tab\">1. Plenarvortrag<\/a><\/li><li ><a href=\"#tab-lv2-block-1\" data-toggle=\"tab\">Sektionsvortr\u00e4ge Block 1<\/a><\/li><li ><a href=\"#tab-lv2-klett-verlag\" data-toggle=\"tab\">Interaktive Pr\u00e4sentation von Klett Verlag<\/a><\/li><li ><a href=\"#tab-lv2-2-plenarvortrag\" data-toggle=\"tab\">2. Plenarvortrag<\/a><\/li><\/ul><\/div><div class=\"tab-content lv2\"><div id=\"tab-lv2-eroeffnung\" class=\"tab-pane  in active\">\n                                      <div class=\"timeline\">\n                                                <article class=\"post-wrap speaker_square\">\n                                                    <div class=\"media\"><div class=\"show post-media pull-left\"><a href=\"https:\/\/tagung.id-germanistenverband.org\/2021\/speaker\/agi\/\"><img loading=\"lazy\" decoding=\"async\" width=\"100\" height=\"100\" src=\"https:\/\/tagung.id-germanistenverband.org\/2021\/wp-content\/uploads\/2021\/10\/LOGO-ZOOM-100x100.jpg\" class=\"attachment-thumbnail_speaker_cricle size-thumbnail_speaker_cricle\" alt=\"\" srcset=\"https:\/\/tagung.id-germanistenverband.org\/2021\/wp-content\/uploads\/2021\/10\/LOGO-ZOOM-100x100.jpg 100w, https:\/\/tagung.id-germanistenverband.org\/2021\/wp-content\/uploads\/2021\/10\/LOGO-ZOOM-150x150.jpg 150w\" sizes=\"auto, (max-width: 100px) 100vw, 100px\" \/><\/a><\/div><div class=\"media-body\">\n                                                            <div class=\"post-header\">\n                                                                <div class=\"post-meta\"><span class=\"post-date\"><i class=\"fa fa-clock-o\"><\/i> 09.00 - 09.45 WIB<\/span><\/div><h2 class=\"post-title\"><a href=\"https:\/\/tagung.id-germanistenverband.org\/2021\/schedule\/eroeffnungszeremonie\/\">Er\u00f6ffnungszeremonie<\/a><\/h2><\/div>\n                                                              <div class=\"post-body\">\n                                                                  <div class=\"post-excerpt\"><div class=\"container-fluid\"><div class=\"row\"><ul>\r\n \t<li>Er\u00f6ffnungszeremonie<\/li>\r\n \t<li>Indonesia Raya<\/li>\r\n \t<li>Begr\u00fc\u00dfung:<\/li>\r\n<\/ul>\r\n<ol>\r\n \t<li style=\"list-style-type: none;\">\r\n<ol>\r\n \t<li>Vorsitzender des IGV<\/li>\r\n \t<li>Leiter der DAAD-Au\u00dfenstelle Jakarta<\/li>\r\n \t<li>Leiter des Goethe-Instituts Jakarta<\/li>\r\n \t<li>Stellvertretender Botschafter der Bundesrepublik Deutschland an der Deutschen Botschaft Jakarta<\/li>\r\n<\/ol>\r\n<\/li>\r\n<\/ol>\r\n<ul>\r\n \t<li>Konferenzer\u00f6ffnung durch Rektor UM<\/li>\r\n<\/ul><\/div><\/div><\/div>\n                                                              <\/div>\n                                                            <div class=\"post-footer\">\n                                                                <span class=\"post-readmore\">&nbsp;&nbsp;<\/span>\n                                                            <\/div>\n                                                        <\/div>                                                      \n                                                    <\/div>\n                                                <\/article><\/div><\/div><div id=\"tab-lv2-1-plenarvortrag\" class=\"tab-pane  \">\n                                      <div class=\"timeline\">\n                                                <article class=\"post-wrap speaker_square\">\n                                                    <div class=\"media\"><div class=\"show post-media pull-left\"><a href=\"https:\/\/tagung.id-germanistenverband.org\/2021\/speaker\/referent3\/\"><img loading=\"lazy\" decoding=\"async\" width=\"100\" height=\"100\" src=\"https:\/\/tagung.id-germanistenverband.org\/2021\/wp-content\/uploads\/2014\/10\/3.-Fr.-Korakoch-100x100.jpeg\" class=\"attachment-thumbnail_speaker_cricle size-thumbnail_speaker_cricle\" alt=\"\" srcset=\"https:\/\/tagung.id-germanistenverband.org\/2021\/wp-content\/uploads\/2014\/10\/3.-Fr.-Korakoch-100x100.jpeg 100w, https:\/\/tagung.id-germanistenverband.org\/2021\/wp-content\/uploads\/2014\/10\/3.-Fr.-Korakoch-300x300.jpeg 300w, https:\/\/tagung.id-germanistenverband.org\/2021\/wp-content\/uploads\/2014\/10\/3.-Fr.-Korakoch-1024x1024.jpeg 1024w, https:\/\/tagung.id-germanistenverband.org\/2021\/wp-content\/uploads\/2014\/10\/3.-Fr.-Korakoch-150x150.jpeg 150w, https:\/\/tagung.id-germanistenverband.org\/2021\/wp-content\/uploads\/2014\/10\/3.-Fr.-Korakoch-768x768.jpeg 768w, https:\/\/tagung.id-germanistenverband.org\/2021\/wp-content\/uploads\/2014\/10\/3.-Fr.-Korakoch.jpeg 1078w\" sizes=\"auto, (max-width: 100px) 100vw, 100px\" \/><\/a><\/div><div class=\"media-body\">\n                                                            <div class=\"post-header\">\n                                                                <div class=\"post-meta\"><span class=\"post-date\"><i class=\"fa fa-clock-o\"><\/i> 09.45 \u2013 10.30 WIB<\/span><\/div><h2 class=\"post-title\"><a href=\"https:\/\/tagung.id-germanistenverband.org\/2021\/schedule\/1-plenarvortrag\/\">1. Plenarvortrag<\/a><\/h2><\/div>\n                                                              <div class=\"post-body\">\n                                                                  <div class=\"post-excerpt\"><div class=\"container-fluid\"><div class=\"row\"><h4 style=\"text-align: center;\"><strong><em>Kontrastive Studien im Fach Deutsch als Fremdsprache: Ein Einblick aus thail\u00e4ndischer Perspektive<\/em><\/strong><\/h4>\r\nLinguistik gilt neben der lehr-\/lernwissenschaftlichen (didaktisch\/methodischen), der landeskundlich-kulturwissenschaftlichen und der literaturwissenschaftlichen Ausrichtung als ein bedeutender Schwerpunkt des Faches Deutsch als Fremdsprache. Die kontrastive Linguistik hat von Anfang an das Ziel, die Erkenntnisse f\u00fcr die Vermittlung einer Fremdsprache nutzbar zu machen. W\u00e4hrend die Bestandsaufnahme aus dem Jahr 2008 zeigte, dass nur eine geringe Anzahl von linguistischen kontrastiven Studien Deutsch-Thail\u00e4ndisch vorlag, soll im Rahmen des vorliegenden Beitrags gezeigt werden, dass in Thailand danach eine viel gr\u00f6\u00dfere Anzahl von kontrastiven Studien entstanden ist. Folgende Aspekte sind im vorliegenden Beitrag zu behandeln: Forschungsthemen, Methoden und Typen von untersuchten Korpora sowie wichtige Implikationen. Beim Erlernen des Deutschen als Fremdsprache kann die kontrastive Betrachtung die Lernenden unterst\u00fctzen, Gemeinsamkeiten und Unterschiede der Mutter- und Fremdsprache zu identifizieren, was sie widerum motivieren k\u00f6nnte, kreativ mit der erlernten Fremdsprache umzugehen. Der Einblick in die linguistischen kontrastiven Studien Deutsch-Thail\u00e4ndisch soll einerseits zeigen, wie dieser Forschungsbereich zur St\u00e4rkung des Faches Deutsch als Fremdsprache beitragen kann, und andererseits soll daf\u00fcr pl\u00e4diert werden, noch weitere Bereiche kontrastiv zu erforschen.\r\n\r\n <a href=\"https:\/\/tagung.id-germanistenverband.org\/2021\/schedule\/1-plenarvortrag\/#more-2142\" class=\"more-link\"><span aria-label=\"1. Plenarvortrag weiterlesen\">(mehr\u00a0&hellip;)<\/span><\/a><\/div><\/div><\/div>\n                                                              <\/div>\n                                                            <div class=\"post-footer\">\n                                                                <span class=\"post-readmore\"><i class=\"fa fa-microphone\"><\/i> <strong>Prof. Dr. Korakoch Attaviriyanupap<\/strong> \/ Silpakorn Universit\u00e4t \u2013 Thailand&nbsp;&nbsp;<\/span>\n                                                            <\/div>\n                                                        <\/div>                                                      \n                                                    <\/div>\n                                                <\/article>\n                                                <article class=\"post-wrap speaker_square\">\n                                                    <div class=\"media\"><div class=\"show post-media pull-left\"><img loading=\"lazy\" decoding=\"async\" width=\"64\" height=\"64\" src=\"https:\/\/tagung.id-germanistenverband.org\/2021\/wp-content\/uploads\/2021\/10\/Pause.png\" class=\"attachment-thumbnail_speaker_cricle size-thumbnail_speaker_cricle\" alt=\"\" \/><\/div><div class=\"media-body\">\n                                                            <div class=\"post-header\">\n                                                                <div class=\"post-meta\"><span class=\"post-date\"><i class=\"fa fa-clock-o\"><\/i> 10.30 \u2013 10.45 WIB<\/span><\/div><h2 class=\"post-title\"><a href=\"https:\/\/tagung.id-germanistenverband.org\/2021\/schedule\/pause\/\">Pause<\/a><\/h2><\/div>\n                                                              <div class=\"post-body\">\n                                                                  <div class=\"post-excerpt\"><div class=\"container-fluid\"><div class=\"row\"><\/div><\/div><\/div>\n                                                              <\/div>\n                                                            <div class=\"post-footer\">\n                                                                <span class=\"post-readmore\">&nbsp;&nbsp;<\/span>\n                                                            <\/div>\n                                                        <\/div>                                                      \n                                                    <\/div>\n                                                <\/article><\/div><\/div><div id=\"tab-lv2-block-1\" class=\"tab-pane  \">\n                                      <div class=\"timeline\">\n                                                <article class=\"post-wrap speaker_square\">\n                                                    <div class=\"media\"><div class=\"show post-media pull-left\"><img loading=\"lazy\" decoding=\"async\" width=\"100\" height=\"100\" src=\"https:\/\/tagung.id-germanistenverband.org\/2021\/wp-content\/uploads\/2021\/10\/referent-halt-einen-vortrag-auf-einem-stand-100x100.png\" class=\"attachment-thumbnail_speaker_cricle size-thumbnail_speaker_cricle\" alt=\"\" srcset=\"https:\/\/tagung.id-germanistenverband.org\/2021\/wp-content\/uploads\/2021\/10\/referent-halt-einen-vortrag-auf-einem-stand-100x100.png 100w, https:\/\/tagung.id-germanistenverband.org\/2021\/wp-content\/uploads\/2021\/10\/referent-halt-einen-vortrag-auf-einem-stand-300x300.png 300w, https:\/\/tagung.id-germanistenverband.org\/2021\/wp-content\/uploads\/2021\/10\/referent-halt-einen-vortrag-auf-einem-stand-e1634402296432.png 150w\" sizes=\"auto, (max-width: 100px) 100vw, 100px\" \/><\/div><div class=\"media-body\">\n                                                            <div class=\"post-header\">\n                                                                <div class=\"post-meta\"><span class=\"post-date\"><i class=\"fa fa-clock-o\"><\/i> West-indonesische Zeitzone<\/span><\/div><h2 class=\"post-title\"><a href=\"https:\/\/tagung.id-germanistenverband.org\/2021\/schedule\/sektion-1-linguistik-und-translationswissenschaft\/\">Sektion 1: Linguistik und Translationswissenschaft<\/a><\/h2><\/div>\n                                                              <div class=\"post-body\">\n                                                                  <div class=\"post-excerpt\"><div class=\"container-fluid\"><div class=\"row\"><\/div><\/div><\/div>\n                                                              <\/div>\n                                                            <div class=\"post-footer\">\n                                                                <span class=\"post-readmore\">&nbsp;&nbsp;<\/span>\n                                                            <\/div>\n                                                        <\/div>                                                      \n                                                    <\/div>\n                                                <\/article>\n                                                <article class=\"post-wrap speaker_square\">\n                                                    <div class=\"media\"><div class=\"show post-media pull-left\"><img loading=\"lazy\" decoding=\"async\" width=\"100\" height=\"100\" src=\"https:\/\/tagung.id-germanistenverband.org\/2021\/wp-content\/uploads\/2021\/10\/referent-halt-einen-vortrag-auf-einem-stand-100x100.png\" class=\"attachment-thumbnail_speaker_cricle size-thumbnail_speaker_cricle\" alt=\"\" srcset=\"https:\/\/tagung.id-germanistenverband.org\/2021\/wp-content\/uploads\/2021\/10\/referent-halt-einen-vortrag-auf-einem-stand-100x100.png 100w, https:\/\/tagung.id-germanistenverband.org\/2021\/wp-content\/uploads\/2021\/10\/referent-halt-einen-vortrag-auf-einem-stand-300x300.png 300w, https:\/\/tagung.id-germanistenverband.org\/2021\/wp-content\/uploads\/2021\/10\/referent-halt-einen-vortrag-auf-einem-stand-e1634402296432.png 150w\" sizes=\"auto, (max-width: 100px) 100vw, 100px\" \/><\/div><div class=\"media-body\">\n                                                            <div class=\"post-header\">\n                                                                <div class=\"post-meta\"><span class=\"post-date\"><i class=\"fa fa-clock-o\"><\/i> West-indonesische Zeitzone<\/span><\/div><h2 class=\"post-title\"><a href=\"https:\/\/tagung.id-germanistenverband.org\/2021\/schedule\/sektion-2-literatur-und-kulturwissenschaft\/\">Sektion 2: Literatur und Kulturwissenschaft<\/a><\/h2><\/div>\n                                                              <div class=\"post-body\">\n                                                                  <div class=\"post-excerpt\"><div class=\"container-fluid\"><div class=\"row\"><\/div><\/div><\/div>\n                                                              <\/div>\n                                                            <div class=\"post-footer\">\n                                                                <span class=\"post-readmore\">&nbsp;&nbsp;<\/span>\n                                                            <\/div>\n                                                        <\/div>                                                      \n                                                    <\/div>\n                                                <\/article>\n                                                <article class=\"post-wrap speaker_square\">\n                                                    <div class=\"media\"><div class=\"show post-media pull-left\"><img loading=\"lazy\" decoding=\"async\" width=\"100\" height=\"100\" src=\"https:\/\/tagung.id-germanistenverband.org\/2021\/wp-content\/uploads\/2021\/10\/referent-halt-einen-vortrag-auf-einem-stand-100x100.png\" class=\"attachment-thumbnail_speaker_cricle size-thumbnail_speaker_cricle\" alt=\"\" srcset=\"https:\/\/tagung.id-germanistenverband.org\/2021\/wp-content\/uploads\/2021\/10\/referent-halt-einen-vortrag-auf-einem-stand-100x100.png 100w, https:\/\/tagung.id-germanistenverband.org\/2021\/wp-content\/uploads\/2021\/10\/referent-halt-einen-vortrag-auf-einem-stand-300x300.png 300w, https:\/\/tagung.id-germanistenverband.org\/2021\/wp-content\/uploads\/2021\/10\/referent-halt-einen-vortrag-auf-einem-stand-e1634402296432.png 150w\" sizes=\"auto, (max-width: 100px) 100vw, 100px\" \/><\/div><div class=\"media-body\">\n                                                            <div class=\"post-header\">\n                                                                <div class=\"post-meta\"><span class=\"post-date\"><i class=\"fa fa-clock-o\"><\/i> West-indonesische Zeitzone<\/span><\/div><h2 class=\"post-title\"><a href=\"https:\/\/tagung.id-germanistenverband.org\/2021\/schedule\/sektion-3-deutsch-als-fremdsprache\/\">Sektion 3: Deutsch als Fremdsprache<\/a><\/h2><\/div>\n                                                              <div class=\"post-body\">\n                                                                  <div class=\"post-excerpt\"><div class=\"container-fluid\"><div class=\"row\"><\/div><\/div><\/div>\n                                                              <\/div>\n                                                            <div class=\"post-footer\">\n                                                                <span class=\"post-readmore\">&nbsp;&nbsp;<\/span>\n                                                            <\/div>\n                                                        <\/div>                                                      \n                                                    <\/div>\n                                                <\/article>\n                                                <article class=\"post-wrap speaker_square\">\n                                                    <div class=\"media\"><div class=\"show post-media pull-left\"><img loading=\"lazy\" decoding=\"async\" width=\"100\" height=\"100\" src=\"https:\/\/tagung.id-germanistenverband.org\/2021\/wp-content\/uploads\/2021\/10\/referent-halt-einen-vortrag-auf-einem-stand-100x100.png\" class=\"attachment-thumbnail_speaker_cricle size-thumbnail_speaker_cricle\" alt=\"\" srcset=\"https:\/\/tagung.id-germanistenverband.org\/2021\/wp-content\/uploads\/2021\/10\/referent-halt-einen-vortrag-auf-einem-stand-100x100.png 100w, https:\/\/tagung.id-germanistenverband.org\/2021\/wp-content\/uploads\/2021\/10\/referent-halt-einen-vortrag-auf-einem-stand-300x300.png 300w, https:\/\/tagung.id-germanistenverband.org\/2021\/wp-content\/uploads\/2021\/10\/referent-halt-einen-vortrag-auf-einem-stand-e1634402296432.png 150w\" sizes=\"auto, (max-width: 100px) 100vw, 100px\" \/><\/div><div class=\"media-body\">\n                                                            <div class=\"post-header\">\n                                                                <div class=\"post-meta\"><span class=\"post-date\"><i class=\"fa fa-clock-o\"><\/i> West-indonesische Zeitzone<\/span><\/div><h2 class=\"post-title\"><a href=\"https:\/\/tagung.id-germanistenverband.org\/2021\/schedule\/sektion-4-kultur-und-landeskunde\/\">Sektion 4: Kultur und Landeskunde<\/a><\/h2><\/div>\n                                                              <div class=\"post-body\">\n                                                                  <div class=\"post-excerpt\"><div class=\"container-fluid\"><div class=\"row\"><\/div><\/div><\/div>\n                                                              <\/div>\n                                                            <div class=\"post-footer\">\n                                                                <span class=\"post-readmore\">&nbsp;&nbsp;<\/span>\n                                                            <\/div>\n                                                        <\/div>                                                      \n                                                    <\/div>\n                                                <\/article>\n                                                <article class=\"post-wrap speaker_square\">\n                                                    <div class=\"media\"><div class=\"show post-media pull-left\"><img loading=\"lazy\" decoding=\"async\" width=\"100\" height=\"100\" src=\"https:\/\/tagung.id-germanistenverband.org\/2021\/wp-content\/uploads\/2021\/10\/referent-halt-einen-vortrag-auf-einem-stand-100x100.png\" class=\"attachment-thumbnail_speaker_cricle size-thumbnail_speaker_cricle\" alt=\"\" srcset=\"https:\/\/tagung.id-germanistenverband.org\/2021\/wp-content\/uploads\/2021\/10\/referent-halt-einen-vortrag-auf-einem-stand-100x100.png 100w, https:\/\/tagung.id-germanistenverband.org\/2021\/wp-content\/uploads\/2021\/10\/referent-halt-einen-vortrag-auf-einem-stand-300x300.png 300w, https:\/\/tagung.id-germanistenverband.org\/2021\/wp-content\/uploads\/2021\/10\/referent-halt-einen-vortrag-auf-einem-stand-e1634402296432.png 150w\" sizes=\"auto, (max-width: 100px) 100vw, 100px\" \/><\/div><div class=\"media-body\">\n                                                            <div class=\"post-header\">\n                                                                <div class=\"post-meta\"><span class=\"post-date\"><i class=\"fa fa-clock-o\"><\/i> West-indonesische Zeitzone<\/span><\/div><h2 class=\"post-title\"><a href=\"https:\/\/tagung.id-germanistenverband.org\/2021\/schedule\/sektion-5-medien\/\">Sektion 5: Medien<\/a><\/h2><\/div>\n                                                              <div class=\"post-body\">\n                                                                  <div class=\"post-excerpt\"><div class=\"container-fluid\"><div class=\"row\"><\/div><\/div><\/div>\n                                                              <\/div>\n                                                            <div class=\"post-footer\">\n                                                                <span class=\"post-readmore\">&nbsp;&nbsp;<\/span>\n                                                            <\/div>\n                                                        <\/div>                                                      \n                                                    <\/div>\n                                                <\/article>\n                                                <article class=\"post-wrap speaker_square\">\n                                                    <div class=\"media\"><div class=\"show post-media pull-left\"><img loading=\"lazy\" decoding=\"async\" width=\"64\" height=\"64\" src=\"https:\/\/tagung.id-germanistenverband.org\/2021\/wp-content\/uploads\/2021\/10\/Pause.png\" class=\"attachment-thumbnail_speaker_cricle size-thumbnail_speaker_cricle\" alt=\"\" \/><\/div><div class=\"media-body\">\n                                                            <div class=\"post-header\">\n                                                                <div class=\"post-meta\"><span class=\"post-date\"><i class=\"fa fa-clock-o\"><\/i> 12.15 \u2013 13.15 WIB<\/span><\/div><h2 class=\"post-title\"><a href=\"https:\/\/tagung.id-germanistenverband.org\/2021\/schedule\/mittagspause\/\">Mittagspause<\/a><\/h2><\/div>\n                                                              <div class=\"post-body\">\n                                                                  <div class=\"post-excerpt\"><div class=\"container-fluid\"><div class=\"row\"><\/div><\/div><\/div>\n                                                              <\/div>\n                                                            <div class=\"post-footer\">\n                                                                <span class=\"post-readmore\">&nbsp;&nbsp;<\/span>\n                                                            <\/div>\n                                                        <\/div>                                                      \n                                                    <\/div>\n                                                <\/article>\n                                                <article class=\"post-wrap speaker_square\">\n                                                    <div class=\"media\"><div class=\"media-body\">\n                                                            <div class=\"post-header\">\n                                                                <div class=\"post-meta\"><span class=\"post-date\"><i class=\"fa fa-clock-o\"><\/i> <\/span><\/div><h2 class=\"post-title\"><a href=\"https:\/\/tagung.id-germanistenverband.org\/2021\/schedule\/funktionsverbgefuege-im-deutschen-und-ihre-thailaendischen-entsprechungen-eine-kontrastive-analyse-am-beispiel-der-verfassungstexte\/\">Funktionsverbgef\u00fcge im Deutschen und ihre thail\u00e4ndischen  Entsprechungen: Eine kontrastive Analyse am Beispiel der  Verfassungstexte<\/a><\/h2><\/div>\n                                                              <div class=\"post-body\">\n                                                                  <div class=\"post-excerpt\"><div class=\"container-fluid\"><div class=\"row\"><\/div><\/div><\/div>\n                                                              <\/div>\n                                                            <div class=\"post-footer\">\n                                                                <span class=\"post-readmore\"><i class=\"fa fa-microphone\"><\/i> <strong>Natchapol Jutunka<\/strong> \/ Silpakorn Universit\u00e4t&nbsp;&nbsp;<\/span>\n                                                            <\/div>\n                                                        <\/div>                                                      \n                                                    <\/div>\n                                                <\/article><\/div><\/div><div id=\"tab-lv2-klett-verlag\" class=\"tab-pane  \">\n                                      <div class=\"timeline\">\n                                                <article class=\"post-wrap speaker_square\">\n                                                    <div class=\"media\"><div class=\"media-body\">\n                                                            <div class=\"post-header\">\n                                                                <div class=\"post-meta\"><span class=\"post-date\"><i class=\"fa fa-clock-o\"><\/i> 13.15 \u2013 14.45 WIB<\/span><\/div><h2 class=\"post-title\"><a href=\"https:\/\/tagung.id-germanistenverband.org\/2021\/schedule\/interaktive-praesentation-von-klett-verlag\/\">Interaktive Pr\u00e4sentation von Klett Verlag<\/a><\/h2><\/div>\n                                                              <div class=\"post-body\">\n                                                                  <div class=\"post-excerpt\"><div class=\"container-fluid\"><div class=\"row\"><\/div><\/div><\/div>\n                                                              <\/div>\n                                                            <div class=\"post-footer\">\n                                                                <span class=\"post-readmore\"><i class=\"fa fa-microphone\"><\/i> <strong>Klett Verlag<\/strong> \/ &nbsp;&nbsp;<\/span>\n                                                            <\/div>\n                                                        <\/div>                                                      \n                                                    <\/div>\n                                                <\/article><\/div><\/div><div id=\"tab-lv2-2-plenarvortrag\" class=\"tab-pane  \">\n                                      <div class=\"timeline\">\n                                                <article class=\"post-wrap speaker_square\">\n                                                    <div class=\"media\"><div class=\"show post-media pull-left\"><a href=\"https:\/\/tagung.id-germanistenverband.org\/2021\/speaker\/referent2\/\"><img loading=\"lazy\" decoding=\"async\" width=\"100\" height=\"100\" src=\"https:\/\/tagung.id-germanistenverband.org\/2021\/wp-content\/uploads\/2020\/10\/2.-Fr.-Juliane-Stude-100x100.jpeg\" class=\"attachment-thumbnail_speaker_cricle size-thumbnail_speaker_cricle\" alt=\"\" srcset=\"https:\/\/tagung.id-germanistenverband.org\/2021\/wp-content\/uploads\/2020\/10\/2.-Fr.-Juliane-Stude-100x100.jpeg 100w, https:\/\/tagung.id-germanistenverband.org\/2021\/wp-content\/uploads\/2020\/10\/2.-Fr.-Juliane-Stude-300x300.jpeg 300w, https:\/\/tagung.id-germanistenverband.org\/2021\/wp-content\/uploads\/2020\/10\/2.-Fr.-Juliane-Stude-150x150.jpeg 150w, https:\/\/tagung.id-germanistenverband.org\/2021\/wp-content\/uploads\/2020\/10\/2.-Fr.-Juliane-Stude.jpeg 592w\" sizes=\"auto, (max-width: 100px) 100vw, 100px\" \/><\/a><\/div><div class=\"media-body\">\n                                                            <div class=\"post-header\">\n                                                                <div class=\"post-meta\"><span class=\"post-date\"><i class=\"fa fa-clock-o\"><\/i> 15.00 \u2013 15.45 WIB<\/span><\/div><h2 class=\"post-title\"><a href=\"https:\/\/tagung.id-germanistenverband.org\/2021\/schedule\/2-plenarvortrag\/\">2. Plenarvortrag<\/a><\/h2><\/div>\n                                                              <div class=\"post-body\">\n                                                                  <div class=\"post-excerpt\"><div class=\"container-fluid\"><div class=\"row\"><h4 style=\"text-align: center;\"><em><strong>Das Sprachlernpotenzial von Unterrichtsinteraktionen<\/strong><\/em><\/h4>\r\nSprachlichen Lehr-Lern-Kontexten wird per se ein Sprachlernpotenzial zugesprochen. Auf welche Weise sprachliche Interaktionen im Rahmen des Unterrichts jedoch tats\u00e4chlich zum Erwerb sprachlich-diskursiver F\u00e4higkeiten beitragen (k\u00f6nnen), r\u00fcckt erst in j\u00fcngster Zeit \u2013 und damit viel sp\u00e4ter als in der Zweit- und Fremdsprachenforschung \u2013 verst\u00e4rkt in den Fokus deutschdidaktischer Forschung (f\u00fcr einen \u00dcberblick s. Heller &amp; Morek 2019). Aus sprachdidaktischer Perspektive beleuchtet der Vortrag zun\u00e4chst, welche (Mehrfach-)Funktionen\r\nSprache im Deutschunterricht erf\u00fcllt. Hierzu wird ihre Rolle als Lernmedium, Lerngegenstand und Lernziel thematisiert (Stude 2021). Mit Blick auf die Professionalisierung angehender DeutschlehrerInnen steht anhand authentischer Unterrichtsausschnitte anschlie\u00dfend die Frage im Zentrum, welche sprachlichen Lerngelegenheiten von LehrnovizInnen wahrgenommen und interaktiv ausgehandelt werden. Datengrundlage der Untersuchung bildet ein Korpus von 13 Aufnahmestunden videographierten Sprachfo\u0308rderunterrichts, den Lehramtsstudierende innerhalb eines Praxisprojekts u\u0308ber ein Schuljahr hinweg fu\u0308r Kinder und Jugendliche in Kleingruppen anbieten (Becker &amp; Stude im Druck).\r\n\r\nSchl\u00fcsselw\u00f6rter: Sprachliche Interaktion, Unterrichtsgespr\u00e4ch, Spracherwerb,\r\nDiskurserwerb, M\u00fcndlichkeit<\/div><\/div><\/div>\n                                                              <\/div>\n                                                            <div class=\"post-footer\">\n                                                                <span class=\"post-readmore\"><i class=\"fa fa-microphone\"><\/i> <strong>Prof. Dr. Juliane Stude<\/strong> \/ Westf\u00e4lische Wilhelms - Universit\u00e4t M\u00fcnster \u2013 Deutschland&nbsp;&nbsp;<\/span>\n                                                            <\/div>\n                                                        <\/div>                                                      \n                                                    <\/div>\n                                                <\/article><\/div><\/div><\/div><\/div><div id=\"tab-tag-02\" class=\"tab-pane  \"><div class=\"schedule-tabs lv2\">\n                                  <ul id=\"tabs-lv21\"  class=\"nav nav-justified\"><li class=\"active\"><a href=\"#tab-lv2-block-2\" data-toggle=\"tab\">Sektionsvortr\u00e4ge Block 2<\/a><\/li><li ><a href=\"#tab-lv2-block-3\" data-toggle=\"tab\">Sektionsvortr\u00e4ge Block 3<\/a><\/li><li ><a href=\"#tab-lv2-3-4-plenarvortrag\" data-toggle=\"tab\">3. und 4. Plenarvortrag<\/a><\/li><li ><a href=\"#tab-lv2-schlussplenum\" data-toggle=\"tab\">Schlussplenum<\/a><\/li><li ><a href=\"#tab-lv2-abteilungsleitertreffen\" data-toggle=\"tab\">Abteilungsleiter-Treffen<\/a><\/li><\/ul><\/div><div class=\"tab-content lv2\"><div id=\"tab-lv2-block-2\" class=\"tab-pane  in active\">\n                                      <div class=\"timeline\">\n                                                <article class=\"post-wrap speaker_square\">\n                                                    <div class=\"media\"><div class=\"show post-media pull-left\"><img loading=\"lazy\" decoding=\"async\" width=\"100\" height=\"100\" src=\"https:\/\/tagung.id-germanistenverband.org\/2021\/wp-content\/uploads\/2021\/10\/referent-halt-einen-vortrag-auf-einem-stand-100x100.png\" class=\"attachment-thumbnail_speaker_cricle size-thumbnail_speaker_cricle\" alt=\"\" srcset=\"https:\/\/tagung.id-germanistenverband.org\/2021\/wp-content\/uploads\/2021\/10\/referent-halt-einen-vortrag-auf-einem-stand-100x100.png 100w, https:\/\/tagung.id-germanistenverband.org\/2021\/wp-content\/uploads\/2021\/10\/referent-halt-einen-vortrag-auf-einem-stand-300x300.png 300w, https:\/\/tagung.id-germanistenverband.org\/2021\/wp-content\/uploads\/2021\/10\/referent-halt-einen-vortrag-auf-einem-stand-e1634402296432.png 150w\" sizes=\"auto, (max-width: 100px) 100vw, 100px\" \/><\/div><div class=\"media-body\">\n                                                            <div class=\"post-header\">\n                                                                <div class=\"post-meta\"><span class=\"post-date\"><i class=\"fa fa-clock-o\"><\/i> West-indonesische Zeitzone<\/span><\/div><h2 class=\"post-title\"><a href=\"https:\/\/tagung.id-germanistenverband.org\/2021\/schedule\/sektion-1-linguistik-und-translationswissenschaft-2\/\">Sektion 1: Linguistik und Translationswissenschaft<\/a><\/h2><\/div>\n                                                              <div class=\"post-body\">\n                                                                  <div class=\"post-excerpt\"><div class=\"container-fluid\"><div class=\"row\"><\/div><\/div><\/div>\n                                                              <\/div>\n                                                            <div class=\"post-footer\">\n                                                                <span class=\"post-readmore\">&nbsp;&nbsp;<\/span>\n                                                            <\/div>\n                                                        <\/div>                                                      \n                                                    <\/div>\n                                                <\/article>\n                                                <article class=\"post-wrap speaker_square\">\n                                                    <div class=\"media\"><div class=\"show post-media pull-left\"><img loading=\"lazy\" decoding=\"async\" width=\"100\" height=\"100\" src=\"https:\/\/tagung.id-germanistenverband.org\/2021\/wp-content\/uploads\/2021\/10\/referent-halt-einen-vortrag-auf-einem-stand-100x100.png\" class=\"attachment-thumbnail_speaker_cricle size-thumbnail_speaker_cricle\" alt=\"\" srcset=\"https:\/\/tagung.id-germanistenverband.org\/2021\/wp-content\/uploads\/2021\/10\/referent-halt-einen-vortrag-auf-einem-stand-100x100.png 100w, https:\/\/tagung.id-germanistenverband.org\/2021\/wp-content\/uploads\/2021\/10\/referent-halt-einen-vortrag-auf-einem-stand-300x300.png 300w, https:\/\/tagung.id-germanistenverband.org\/2021\/wp-content\/uploads\/2021\/10\/referent-halt-einen-vortrag-auf-einem-stand-e1634402296432.png 150w\" sizes=\"auto, (max-width: 100px) 100vw, 100px\" \/><\/div><div class=\"media-body\">\n                                                            <div class=\"post-header\">\n                                                                <div class=\"post-meta\"><span class=\"post-date\"><i class=\"fa fa-clock-o\"><\/i> West-indonesische Zeitzone<\/span><\/div><h2 class=\"post-title\"><a href=\"https:\/\/tagung.id-germanistenverband.org\/2021\/schedule\/sektion-2-literatur-und-kulturwissenschaft-2\/\">Sektion 2: Literatur und Kulturwissenschaft<\/a><\/h2><\/div>\n                                                              <div class=\"post-body\">\n                                                                  <div class=\"post-excerpt\"><div class=\"container-fluid\"><div class=\"row\"><\/div><\/div><\/div>\n                                                              <\/div>\n                                                            <div class=\"post-footer\">\n                                                                <span class=\"post-readmore\">&nbsp;&nbsp;<\/span>\n                                                            <\/div>\n                                                        <\/div>                                                      \n                                                    <\/div>\n                                                <\/article>\n                                                <article class=\"post-wrap speaker_square\">\n                                                    <div class=\"media\"><div class=\"show post-media pull-left\"><img loading=\"lazy\" decoding=\"async\" width=\"100\" height=\"100\" src=\"https:\/\/tagung.id-germanistenverband.org\/2021\/wp-content\/uploads\/2021\/10\/referent-halt-einen-vortrag-auf-einem-stand-100x100.png\" class=\"attachment-thumbnail_speaker_cricle size-thumbnail_speaker_cricle\" alt=\"\" srcset=\"https:\/\/tagung.id-germanistenverband.org\/2021\/wp-content\/uploads\/2021\/10\/referent-halt-einen-vortrag-auf-einem-stand-100x100.png 100w, https:\/\/tagung.id-germanistenverband.org\/2021\/wp-content\/uploads\/2021\/10\/referent-halt-einen-vortrag-auf-einem-stand-300x300.png 300w, https:\/\/tagung.id-germanistenverband.org\/2021\/wp-content\/uploads\/2021\/10\/referent-halt-einen-vortrag-auf-einem-stand-e1634402296432.png 150w\" sizes=\"auto, (max-width: 100px) 100vw, 100px\" \/><\/div><div class=\"media-body\">\n                                                            <div class=\"post-header\">\n                                                                <div class=\"post-meta\"><span class=\"post-date\"><i class=\"fa fa-clock-o\"><\/i> West-indonesische Zeitzone<\/span><\/div><h2 class=\"post-title\"><a href=\"https:\/\/tagung.id-germanistenverband.org\/2021\/schedule\/sektion-3-kultur-und-landeskunde\/\">Sektion 3: Kultur und Landeskunde<\/a><\/h2><\/div>\n                                                              <div class=\"post-body\">\n                                                                  <div class=\"post-excerpt\"><div class=\"container-fluid\"><div class=\"row\"><\/div><\/div><\/div>\n                                                              <\/div>\n                                                            <div class=\"post-footer\">\n                                                                <span class=\"post-readmore\">&nbsp;&nbsp;<\/span>\n                                                            <\/div>\n                                                        <\/div>                                                      \n                                                    <\/div>\n                                                <\/article>\n                                                <article class=\"post-wrap speaker_square\">\n                                                    <div class=\"media\"><div class=\"show post-media pull-left\"><img loading=\"lazy\" decoding=\"async\" width=\"100\" height=\"100\" src=\"https:\/\/tagung.id-germanistenverband.org\/2021\/wp-content\/uploads\/2021\/10\/referent-halt-einen-vortrag-auf-einem-stand-100x100.png\" class=\"attachment-thumbnail_speaker_cricle size-thumbnail_speaker_cricle\" alt=\"\" srcset=\"https:\/\/tagung.id-germanistenverband.org\/2021\/wp-content\/uploads\/2021\/10\/referent-halt-einen-vortrag-auf-einem-stand-100x100.png 100w, https:\/\/tagung.id-germanistenverband.org\/2021\/wp-content\/uploads\/2021\/10\/referent-halt-einen-vortrag-auf-einem-stand-300x300.png 300w, https:\/\/tagung.id-germanistenverband.org\/2021\/wp-content\/uploads\/2021\/10\/referent-halt-einen-vortrag-auf-einem-stand-e1634402296432.png 150w\" sizes=\"auto, (max-width: 100px) 100vw, 100px\" \/><\/div><div class=\"media-body\">\n                                                            <div class=\"post-header\">\n                                                                <div class=\"post-meta\"><span class=\"post-date\"><i class=\"fa fa-clock-o\"><\/i> West-indonesische Zeitzone<\/span><\/div><h2 class=\"post-title\"><a href=\"https:\/\/tagung.id-germanistenverband.org\/2021\/schedule\/sektion-4-deutsch-als-fremdsprache-1\/\">Sektion 4: Deutsch als Fremdsprache 1<\/a><\/h2><\/div>\n                                                              <div class=\"post-body\">\n                                                                  <div class=\"post-excerpt\"><div class=\"container-fluid\"><div class=\"row\"><\/div><\/div><\/div>\n                                                              <\/div>\n                                                            <div class=\"post-footer\">\n                                                                <span class=\"post-readmore\">&nbsp;&nbsp;<\/span>\n                                                            <\/div>\n                                                        <\/div>                                                      \n                                                    <\/div>\n                                                <\/article>\n                                                <article class=\"post-wrap speaker_square\">\n                                                    <div class=\"media\"><div class=\"show post-media pull-left\"><img loading=\"lazy\" decoding=\"async\" width=\"100\" height=\"100\" src=\"https:\/\/tagung.id-germanistenverband.org\/2021\/wp-content\/uploads\/2021\/10\/referent-halt-einen-vortrag-auf-einem-stand-100x100.png\" class=\"attachment-thumbnail_speaker_cricle size-thumbnail_speaker_cricle\" alt=\"\" srcset=\"https:\/\/tagung.id-germanistenverband.org\/2021\/wp-content\/uploads\/2021\/10\/referent-halt-einen-vortrag-auf-einem-stand-100x100.png 100w, https:\/\/tagung.id-germanistenverband.org\/2021\/wp-content\/uploads\/2021\/10\/referent-halt-einen-vortrag-auf-einem-stand-300x300.png 300w, https:\/\/tagung.id-germanistenverband.org\/2021\/wp-content\/uploads\/2021\/10\/referent-halt-einen-vortrag-auf-einem-stand-e1634402296432.png 150w\" sizes=\"auto, (max-width: 100px) 100vw, 100px\" \/><\/div><div class=\"media-body\">\n                                                            <div class=\"post-header\">\n                                                                <div class=\"post-meta\"><span class=\"post-date\"><i class=\"fa fa-clock-o\"><\/i> West-indonesische Zeitzone<\/span><\/div><h2 class=\"post-title\"><a href=\"https:\/\/tagung.id-germanistenverband.org\/2021\/schedule\/sektion-5-deutsch-als-fremdsprache-2\/\">Sektion 5: Deutsch als Fremdsprache 2<\/a><\/h2><\/div>\n                                                              <div class=\"post-body\">\n                                                                  <div class=\"post-excerpt\"><div class=\"container-fluid\"><div class=\"row\"><\/div><\/div><\/div>\n                                                              <\/div>\n                                                            <div class=\"post-footer\">\n                                                                <span class=\"post-readmore\">&nbsp;&nbsp;<\/span>\n                                                            <\/div>\n                                                        <\/div>                                                      \n                                                    <\/div>\n                                                <\/article>\n                                                <article class=\"post-wrap speaker_square\">\n                                                    <div class=\"media\"><div class=\"show post-media pull-left\"><img loading=\"lazy\" decoding=\"async\" width=\"64\" height=\"64\" src=\"https:\/\/tagung.id-germanistenverband.org\/2021\/wp-content\/uploads\/2021\/10\/Pause.png\" class=\"attachment-thumbnail_speaker_cricle size-thumbnail_speaker_cricle\" alt=\"\" \/><\/div><div class=\"media-body\">\n                                                            <div class=\"post-header\">\n                                                                <div class=\"post-meta\"><span class=\"post-date\"><i class=\"fa fa-clock-o\"><\/i> 10.00 \u2013 10.15 WIB<\/span><\/div><h2 class=\"post-title\"><a href=\"https:\/\/tagung.id-germanistenverband.org\/2021\/schedule\/pause-2\/\">Pause<\/a><\/h2><\/div>\n                                                              <div class=\"post-body\">\n                                                                  <div class=\"post-excerpt\"><div class=\"container-fluid\"><div class=\"row\"><\/div><\/div><\/div>\n                                                              <\/div>\n                                                            <div class=\"post-footer\">\n                                                                <span class=\"post-readmore\">&nbsp;&nbsp;<\/span>\n                                                            <\/div>\n                                                        <\/div>                                                      \n                                                    <\/div>\n                                                <\/article><\/div><\/div><div id=\"tab-lv2-block-3\" class=\"tab-pane  \">\n                                      <div class=\"timeline\">\n                                                <article class=\"post-wrap speaker_square\">\n                                                    <div class=\"media\"><div class=\"show post-media pull-left\"><img loading=\"lazy\" decoding=\"async\" width=\"100\" height=\"100\" src=\"https:\/\/tagung.id-germanistenverband.org\/2021\/wp-content\/uploads\/2021\/10\/referent-halt-einen-vortrag-auf-einem-stand-100x100.png\" class=\"attachment-thumbnail_speaker_cricle size-thumbnail_speaker_cricle\" alt=\"\" srcset=\"https:\/\/tagung.id-germanistenverband.org\/2021\/wp-content\/uploads\/2021\/10\/referent-halt-einen-vortrag-auf-einem-stand-100x100.png 100w, https:\/\/tagung.id-germanistenverband.org\/2021\/wp-content\/uploads\/2021\/10\/referent-halt-einen-vortrag-auf-einem-stand-300x300.png 300w, https:\/\/tagung.id-germanistenverband.org\/2021\/wp-content\/uploads\/2021\/10\/referent-halt-einen-vortrag-auf-einem-stand-e1634402296432.png 150w\" sizes=\"auto, (max-width: 100px) 100vw, 100px\" \/><\/div><div class=\"media-body\">\n                                                            <div class=\"post-header\">\n                                                                <div class=\"post-meta\"><span class=\"post-date\"><i class=\"fa fa-clock-o\"><\/i> West-indonesische Zeitzone<\/span><\/div><h2 class=\"post-title\"><a href=\"https:\/\/tagung.id-germanistenverband.org\/2021\/schedule\/sektion-1-linguistik-und-translationswissenschaft-3\/\">Sektion 1: Linguistik und Translationswissenschaft<\/a><\/h2><\/div>\n                                                              <div class=\"post-body\">\n                                                                  <div class=\"post-excerpt\"><div class=\"container-fluid\"><div class=\"row\"><\/div><\/div><\/div>\n                                                              <\/div>\n                                                            <div class=\"post-footer\">\n                                                                <span class=\"post-readmore\">&nbsp;&nbsp;<\/span>\n                                                            <\/div>\n                                                        <\/div>                                                      \n                                                    <\/div>\n                                                <\/article>\n                                                <article class=\"post-wrap speaker_square\">\n                                                    <div class=\"media\"><div class=\"show post-media pull-left\"><img loading=\"lazy\" decoding=\"async\" width=\"100\" height=\"100\" src=\"https:\/\/tagung.id-germanistenverband.org\/2021\/wp-content\/uploads\/2021\/10\/referent-halt-einen-vortrag-auf-einem-stand-100x100.png\" class=\"attachment-thumbnail_speaker_cricle size-thumbnail_speaker_cricle\" alt=\"\" srcset=\"https:\/\/tagung.id-germanistenverband.org\/2021\/wp-content\/uploads\/2021\/10\/referent-halt-einen-vortrag-auf-einem-stand-100x100.png 100w, https:\/\/tagung.id-germanistenverband.org\/2021\/wp-content\/uploads\/2021\/10\/referent-halt-einen-vortrag-auf-einem-stand-300x300.png 300w, https:\/\/tagung.id-germanistenverband.org\/2021\/wp-content\/uploads\/2021\/10\/referent-halt-einen-vortrag-auf-einem-stand-e1634402296432.png 150w\" sizes=\"auto, (max-width: 100px) 100vw, 100px\" \/><\/div><div class=\"media-body\">\n                                                            <div class=\"post-header\">\n                                                                <div class=\"post-meta\"><span class=\"post-date\"><i class=\"fa fa-clock-o\"><\/i> West-indonesische Zeitzone<\/span><\/div><h2 class=\"post-title\"><a href=\"https:\/\/tagung.id-germanistenverband.org\/2021\/schedule\/sektion-2-literatur-und-kulturwissenschaft-3\/\">Sektion 2: Literatur und Kulturwissenschaft<\/a><\/h2><\/div>\n                                                              <div class=\"post-body\">\n                                                                  <div class=\"post-excerpt\"><div class=\"container-fluid\"><div class=\"row\"><\/div><\/div><\/div>\n                                                              <\/div>\n                                                            <div class=\"post-footer\">\n                                                                <span class=\"post-readmore\">&nbsp;&nbsp;<\/span>\n                                                            <\/div>\n                                                        <\/div>                                                      \n                                                    <\/div>\n                                                <\/article>\n                                                <article class=\"post-wrap speaker_square\">\n                                                    <div class=\"media\"><div class=\"show post-media pull-left\"><img loading=\"lazy\" decoding=\"async\" width=\"100\" height=\"100\" src=\"https:\/\/tagung.id-germanistenverband.org\/2021\/wp-content\/uploads\/2021\/10\/referent-halt-einen-vortrag-auf-einem-stand-100x100.png\" class=\"attachment-thumbnail_speaker_cricle size-thumbnail_speaker_cricle\" alt=\"\" srcset=\"https:\/\/tagung.id-germanistenverband.org\/2021\/wp-content\/uploads\/2021\/10\/referent-halt-einen-vortrag-auf-einem-stand-100x100.png 100w, https:\/\/tagung.id-germanistenverband.org\/2021\/wp-content\/uploads\/2021\/10\/referent-halt-einen-vortrag-auf-einem-stand-300x300.png 300w, https:\/\/tagung.id-germanistenverband.org\/2021\/wp-content\/uploads\/2021\/10\/referent-halt-einen-vortrag-auf-einem-stand-e1634402296432.png 150w\" sizes=\"auto, (max-width: 100px) 100vw, 100px\" \/><\/div><div class=\"media-body\">\n                                                            <div class=\"post-header\">\n                                                                <div class=\"post-meta\"><span class=\"post-date\"><i class=\"fa fa-clock-o\"><\/i> West-indonesische Zeitzone<\/span><\/div><h2 class=\"post-title\"><a href=\"https:\/\/tagung.id-germanistenverband.org\/2021\/schedule\/sektion-3-deutsch-als-fremdsprache-1\/\">Sektion 3: Deutsch als Fremdsprache 1<\/a><\/h2><\/div>\n                                                              <div class=\"post-body\">\n                                                                  <div class=\"post-excerpt\"><div class=\"container-fluid\"><div class=\"row\"><\/div><\/div><\/div>\n                                                              <\/div>\n                                                            <div class=\"post-footer\">\n                                                                <span class=\"post-readmore\">&nbsp;&nbsp;<\/span>\n                                                            <\/div>\n                                                        <\/div>                                                      \n                                                    <\/div>\n                                                <\/article>\n                                                <article class=\"post-wrap speaker_square\">\n                                                    <div class=\"media\"><div class=\"show post-media pull-left\"><img loading=\"lazy\" decoding=\"async\" width=\"100\" height=\"100\" src=\"https:\/\/tagung.id-germanistenverband.org\/2021\/wp-content\/uploads\/2021\/10\/referent-halt-einen-vortrag-auf-einem-stand-100x100.png\" class=\"attachment-thumbnail_speaker_cricle size-thumbnail_speaker_cricle\" alt=\"\" srcset=\"https:\/\/tagung.id-germanistenverband.org\/2021\/wp-content\/uploads\/2021\/10\/referent-halt-einen-vortrag-auf-einem-stand-100x100.png 100w, https:\/\/tagung.id-germanistenverband.org\/2021\/wp-content\/uploads\/2021\/10\/referent-halt-einen-vortrag-auf-einem-stand-300x300.png 300w, https:\/\/tagung.id-germanistenverband.org\/2021\/wp-content\/uploads\/2021\/10\/referent-halt-einen-vortrag-auf-einem-stand-e1634402296432.png 150w\" sizes=\"auto, (max-width: 100px) 100vw, 100px\" \/><\/div><div class=\"media-body\">\n                                                            <div class=\"post-header\">\n                                                                <div class=\"post-meta\"><span class=\"post-date\"><i class=\"fa fa-clock-o\"><\/i> West-indonesische Zeitzone<\/span><\/div><h2 class=\"post-title\"><a href=\"https:\/\/tagung.id-germanistenverband.org\/2021\/schedule\/sektion-4-deutsch-als-fremdsprache-2\/\">Sektion 4: Deutsch als Fremdsprache 2<\/a><\/h2><\/div>\n                                                              <div class=\"post-body\">\n                                                                  <div class=\"post-excerpt\"><div class=\"container-fluid\"><div class=\"row\"><\/div><\/div><\/div>\n                                                              <\/div>\n                                                            <div class=\"post-footer\">\n                                                                <span class=\"post-readmore\">&nbsp;&nbsp;<\/span>\n                                                            <\/div>\n                                                        <\/div>                                                      \n                                                    <\/div>\n                                                <\/article>\n                                                <article class=\"post-wrap speaker_square\">\n                                                    <div class=\"media\"><div class=\"show post-media pull-left\"><img loading=\"lazy\" decoding=\"async\" width=\"64\" height=\"64\" src=\"https:\/\/tagung.id-germanistenverband.org\/2021\/wp-content\/uploads\/2021\/10\/Pause.png\" class=\"attachment-thumbnail_speaker_cricle size-thumbnail_speaker_cricle\" alt=\"\" \/><\/div><div class=\"media-body\">\n                                                            <div class=\"post-header\">\n                                                                <div class=\"post-meta\"><span class=\"post-date\"><i class=\"fa fa-clock-o\"><\/i> 11.30 \u2013 13.15 WIB<\/span><\/div><h2 class=\"post-title\"><a href=\"https:\/\/tagung.id-germanistenverband.org\/2021\/schedule\/mittagspause-2\/\">Mittagspause<\/a><\/h2><\/div>\n                                                              <div class=\"post-body\">\n                                                                  <div class=\"post-excerpt\"><div class=\"container-fluid\"><div class=\"row\"><\/div><\/div><\/div>\n                                                              <\/div>\n                                                            <div class=\"post-footer\">\n                                                                <span class=\"post-readmore\">&nbsp;&nbsp;<\/span>\n                                                            <\/div>\n                                                        <\/div>                                                      \n                                                    <\/div>\n                                                <\/article><\/div><\/div><div id=\"tab-lv2-3-4-plenarvortrag\" class=\"tab-pane  \">\n                                      <div class=\"timeline\">\n                                                <article class=\"post-wrap speaker_square\">\n                                                    <div class=\"media\"><div class=\"show post-media pull-left\"><a href=\"https:\/\/tagung.id-germanistenverband.org\/2021\/speaker\/referent1\/\"><img loading=\"lazy\" decoding=\"async\" width=\"100\" height=\"100\" src=\"https:\/\/tagung.id-germanistenverband.org\/2021\/wp-content\/uploads\/2014\/10\/1.-Prof.-Christian-Krekeler-100x100.jpeg\" class=\"attachment-thumbnail_speaker_cricle size-thumbnail_speaker_cricle\" alt=\"\" srcset=\"https:\/\/tagung.id-germanistenverband.org\/2021\/wp-content\/uploads\/2014\/10\/1.-Prof.-Christian-Krekeler-100x100.jpeg 100w, https:\/\/tagung.id-germanistenverband.org\/2021\/wp-content\/uploads\/2014\/10\/1.-Prof.-Christian-Krekeler-300x300.jpeg 300w, https:\/\/tagung.id-germanistenverband.org\/2021\/wp-content\/uploads\/2014\/10\/1.-Prof.-Christian-Krekeler-150x150.jpeg 150w, https:\/\/tagung.id-germanistenverband.org\/2021\/wp-content\/uploads\/2014\/10\/1.-Prof.-Christian-Krekeler-768x768.jpeg 768w, https:\/\/tagung.id-germanistenverband.org\/2021\/wp-content\/uploads\/2014\/10\/1.-Prof.-Christian-Krekeler.jpeg 851w\" sizes=\"auto, (max-width: 100px) 100vw, 100px\" \/><\/a><\/div><div class=\"media-body\">\n                                                            <div class=\"post-header\">\n                                                                <div class=\"post-meta\"><span class=\"post-date\"><i class=\"fa fa-clock-o\"><\/i> 13.15 \u2013 14.00 WIB<\/span><\/div><h2 class=\"post-title\"><a href=\"https:\/\/tagung.id-germanistenverband.org\/2021\/schedule\/3-plenarvortrag\/\">3. Plenarvortrag<\/a><\/h2><\/div>\n                                                              <div class=\"post-body\">\n                                                                  <div class=\"post-excerpt\"><div class=\"container-fluid\"><div class=\"row\"><h4 style=\"text-align: center;\"><em><strong>Publikationen zur Wissenschaftssprache \u2013 Zur Wissenschaftssprache publizieren<\/strong><\/em><\/h4>\r\nIn diesem Vortrag sollen Hinweise f\u00fcr Publikationen gegeben werden. Wer in seinem Fach publizieren m\u00f6chte, muss an die Diskussion im Fach ankn\u00fcpfen, andere Beitr\u00e4ge und Studien lesen und die Publikationsorte in seinem Fach kennen. Daher werden in diesem Vortrag zun\u00e4chst unterschiedliche Beitr\u00e4ge vorgestellt, in denen es um Wissenschaftssprache und den Sprachgebrauch im Studium geht. Der Inhalt\r\nder Beitr\u00e4ge wird zusammengefasst, ihre Methodik analysiert und sie werden auf ihren \u201ePublikationswert\u201c untersucht. Ausgew\u00e4hlt werden Beitr\u00e4ge, in denen der aktuelle Stand der Diskussion um die Beschreibung, die Erforschung und die Vermittlung von Wissenschaftssprachen geht.\r\n\r\nJeder Beitrag wird aus drei Perspektiven betrachtet:\r\n<ul>\r\n \t<li>Zun\u00e4chst wird der Inhalt der Beitr\u00e4ge vorgestellt. Anhand der aktuellen Beitr\u00e4ge soll ein Bild \u00fcber den aktuellen Stand der Diskussion zum Thema Wissenschaftssprachen entstehen und es sollen Anregungen f\u00fcr eigene Beitr\u00e4ge gegeben werden.<\/li>\r\n \t<li>Zweitens soll verdeutlicht werden, welche Methoden in den Beitr\u00e4gen eingesetzt wurden und welche Methoden f\u00fcr eigene Studien genutzt werden k\u00f6nnen.<\/li>\r\n \t<li>Drittens wird vorgestellt, warum die Beitr\u00e4ge erfolgreich waren und ver\u00f6ffentlicht wurden. Diese Erfolgsfaktoren (relevante Fragestellung, gute Anbindung an die aktuelle Fachdiskussion und innovative Methodik) k\u00f6nnen auch bei eigenen Publikationen ber\u00fccksichtigt werden. Dabei werde ich auch auf den Publikationsprozess eingehen und weitere Tipps f\u00fcr eigene Studien und Beitr\u00e4ge geben.<\/li>\r\n<\/ul>\r\nSchl\u00fcsselw\u00f6rter: Publikation, Wissenschaftssprachen, Beitrag<\/div><\/div><\/div>\n                                                              <\/div>\n                                                            <div class=\"post-footer\">\n                                                                <span class=\"post-readmore\"><i class=\"fa fa-microphone\"><\/i> <strong>Prof. Dr. Christian Krekeler<\/strong> \/ Hochschule Konstanz \u2013 Deutschland&nbsp;&nbsp;<\/span>\n                                                            <\/div>\n                                                        <\/div>                                                      \n                                                    <\/div>\n                                                <\/article>\n                                                <article class=\"post-wrap speaker_square\">\n                                                    <div class=\"media\"><div class=\"show post-media pull-left\"><a href=\"https:\/\/tagung.id-germanistenverband.org\/2021\/speaker\/referent4\/\"><img loading=\"lazy\" decoding=\"async\" width=\"100\" height=\"100\" src=\"https:\/\/tagung.id-germanistenverband.org\/2021\/wp-content\/uploads\/2015\/04\/Foto-Iwa-Sobara-100x100.jpg\" class=\"attachment-thumbnail_speaker_cricle size-thumbnail_speaker_cricle\" alt=\"\" srcset=\"https:\/\/tagung.id-germanistenverband.org\/2021\/wp-content\/uploads\/2015\/04\/Foto-Iwa-Sobara-100x100.jpg 100w, https:\/\/tagung.id-germanistenverband.org\/2021\/wp-content\/uploads\/2015\/04\/Foto-Iwa-Sobara-300x300.jpg 300w, https:\/\/tagung.id-germanistenverband.org\/2021\/wp-content\/uploads\/2015\/04\/Foto-Iwa-Sobara-150x150.jpg 150w, https:\/\/tagung.id-germanistenverband.org\/2021\/wp-content\/uploads\/2015\/04\/Foto-Iwa-Sobara-768x769.jpg 768w, https:\/\/tagung.id-germanistenverband.org\/2021\/wp-content\/uploads\/2015\/04\/Foto-Iwa-Sobara.jpg 958w\" sizes=\"auto, (max-width: 100px) 100vw, 100px\" \/><\/a><\/div><div class=\"media-body\">\n                                                            <div class=\"post-header\">\n                                                                <div class=\"post-meta\"><span class=\"post-date\"><i class=\"fa fa-clock-o\"><\/i> 14.00 \u2013 14.45 WIB<\/span><\/div><h2 class=\"post-title\"><a href=\"https:\/\/tagung.id-germanistenverband.org\/2021\/schedule\/4-plenarvortrag\/\">4. Plenarvortrag<\/a><\/h2><\/div>\n                                                              <div class=\"post-body\">\n                                                                  <div class=\"post-excerpt\"><div class=\"container-fluid\"><div class=\"row\"><h4 style=\"text-align: center;\"><em><strong>Emotionsthematisierungen indonesischer Sch\u00fclerInnen bei der internationalen Lerngemeinschaft am Beispiel im PASCH-Jugendkurs<\/strong><\/em><\/h4>\r\nIn dieser vorliegenden Arbeit untersuche ich die deutsche Sprachf\u00f6rderungsinitiative \u201cSchulen: Partner der Zukunft\u201d (PASCH), deren Instrumentarium Jugendsprachkurs mit dem Schwerpunkt der Emotionen indonesischer Sch\u00fclerInnen, vor, w\u00e4hrend und nach der Teilnahme am PASCH-Jugendsprachkurs. Besonders erfolgreiche und engagierte Sch\u00fclerInnen der PASCH-Schulen aus aller Welt im Deutschunterricht werden zum PASCH-Jugendkurs in Deutschland eingeladen. Der Kurs findet j\u00e4hrlich drei Wochen lang. Die TeilnehmerInnen der Kurse haben die M\u00f6glichkeit, innerhalb von drei Wochen Deutschland kennenzulernen. Au\u00dferdem treffen sich in einem offenen und lebhaften Austausch mit anderen Sch\u00fclerInnen aus der ganzen Welt. \u00dcber 10.000 Jugendliche von PASCH-Partnerschulen in \u00fcber 120 L\u00e4ndern haben Deutschkurse f\u00fcr Kinder und Jugendliche sowie Deutschpr\u00fcfungen absolviert. W\u00e4hrend des\r\nKurses lernen sie nicht nur Deutsch, sondern werden auch mit dem allt\u00e4glichen Leben in Deutschland vertraut gemacht. Dar\u00fcber hinaus machen sie auch andere gemeinsame Aktivit\u00e4ten, beispielsweise Ausfl\u00fcge\/Exkursionen, Sport etc. Die vorliegende Arbeit thematisiert, welche Emotionen indonesische Sch\u00fclerInnen w\u00e4hrend des PASCH-Jugendkurses erleben sowie in welchen Situationen oder Ereignissen diese Emotionen entstehen. Um die Daten zu sammeln, habe ich einen Online-Fragebogen verwendet, weil die Befragten an verschiedenen Orten verstreut waren. Zu den verschiedenen von den Befragten ge\u00e4u\u00dferten Emotionen geh\u00f6ren: Freude, Stolz, Neugier, Traurigkeit, Angst, Nervosit\u00e4t, \u00c4rger, Entt\u00e4uschung, Sorge usw. Dann wurden alle Antworten der Befragten gem\u00e4\u00df NRC-Emotion-Lexikon als positive oder negative Emotionen klassifiziert.\r\n\r\nSchl\u00fcsselw\u00f6rter: internationale Lerngemeinschaft, PASCH-Jugendkurs, PASCH-Partnerschule, Emotion.<\/div><\/div><\/div>\n                                                              <\/div>\n                                                            <div class=\"post-footer\">\n                                                                <span class=\"post-readmore\"><i class=\"fa fa-microphone\"><\/i> <strong>Dr. des. Iwa Sobara<\/strong> \/ Universitas Negeri Malang \u2013 Indonesien&nbsp;&nbsp;<\/span>\n                                                            <\/div>\n                                                        <\/div>                                                      \n                                                    <\/div>\n                                                <\/article><\/div><\/div><div id=\"tab-lv2-schlussplenum\" class=\"tab-pane  \">\n                                      <div class=\"timeline\">\n                                                <article class=\"post-wrap speaker_square\">\n                                                    <div class=\"media\"><div class=\"media-body\">\n                                                            <div class=\"post-header\">\n                                                                <div class=\"post-meta\"><span class=\"post-date\"><i class=\"fa fa-clock-o\"><\/i> 14.45 \u2013 15.00 WIB<\/span><\/div><h2 class=\"post-title\"><a href=\"https:\/\/tagung.id-germanistenverband.org\/2021\/schedule\/schlussplenum\/\">Schlussplenum<\/a><\/h2><\/div>\n                                                              <div class=\"post-body\">\n                                                                  <div class=\"post-excerpt\"><div class=\"container-fluid\"><div class=\"row\"><\/div><\/div><\/div>\n                                                              <\/div>\n                                                            <div class=\"post-footer\">\n                                                                <span class=\"post-readmore\"><i class=\"fa fa-microphone\"><\/i> <strong>Dewi Kartika Ardiyani<\/strong> \/ Leiterin von der 5. iKoniG&nbsp;&nbsp;<\/span>\n                                                            <\/div>\n                                                        <\/div>                                                      \n                                                    <\/div>\n                                                <\/article><\/div><\/div><div id=\"tab-lv2-abteilungsleitertreffen\" class=\"tab-pane  \">\n                                      <div class=\"timeline\">\n                                                <article class=\"post-wrap speaker_square\">\n                                                    <div class=\"media\"><div class=\"media-body\">\n                                                            <div class=\"post-header\">\n                                                                <div class=\"post-meta\"><span class=\"post-date\"><i class=\"fa fa-clock-o\"><\/i> 15.30 \u2013 17.00 WIB<\/span><\/div><h2 class=\"post-title\"><a href=\"https:\/\/tagung.id-germanistenverband.org\/2021\/schedule\/abteilungsleiter-treffen\/\">Abteilungsleiter-Treffen<\/a><\/h2><\/div>\n                                                              <div class=\"post-body\">\n                                                                  <div class=\"post-excerpt\"><div class=\"container-fluid\"><div class=\"row\"><\/div><\/div><\/div>\n                                                              <\/div>\n                                                            <div class=\"post-footer\">\n                                                                <span class=\"post-readmore\">&nbsp;&nbsp;<\/span>\n                                                            <\/div>\n                                                        <\/div>                                                      \n                                                    <\/div>\n                                                <\/article><\/div><\/div><\/div><\/div><\/div><\/div>[\/vc_column][\/vc_row][vc_row][vc_column width=&#8221;1\/4&#8243;]\n      <h3 class=\"section-title \"><span data-animation=\"flipInY\" data-animation-delay=\"\" class=\"icon-inner\"><span class=\"fa-stack\"><i class=\"fa wohex fa-stack-2x\"><\/i><i class=\"fa far fa-calendar-alt fa-stack-1x\"><\/i><\/span><\/span><span data-animation=\"fadeInRight\" data-animation-delay=\"500\" class=\"title-inner\">Wichtige Daten <small> <\/small><\/span><\/h3>\n    [\/vc_column][vc_column width=&#8221;3\/4&#8243; css=&#8221;.vc_custom_1628610978152{border-radius: 2px !important;}&#8221;][vc_column_text]<strong>\n<table id=\"tablepress-1\" class=\"tablepress tablepress-id-1\">\n<tbody class=\"row-striping row-hover\">\n<tr class=\"row-1\">\n\t<td class=\"column-1\">Anmeldung der Teilnahme <\/td><td class=\"column-2\">bis 31. August 2021<\/td><td class=\"column-3\">via Website<\/td>\n<\/tr>\n<tr class=\"row-2\">\n\t<td class=\"column-1\">Einreichung des Abstracts<\/td><td class=\"column-2\">bis 31. August 2021<\/td><td class=\"column-3\">via Website<\/td>\n<\/tr>\n<tr class=\"row-3\">\n\t<td class=\"column-1\">Bekanntmachung zur Annahme bzw. Ablehnung des Abstracts<\/td><td class=\"column-2\">10. September  2021<\/td><td class=\"column-3\">via Website<\/td>\n<\/tr>\n<tr class=\"row-4\">\n\t<td class=\"column-1\">Einsendung der PPT-Pr\u00e4sentation<\/td><td class=\"column-2\">10. September \u2013 10. Oktober 2021<\/td><td class=\"column-3\">via Website<\/td>\n<\/tr>\n<tr class=\"row-5\">\n\t<td class=\"column-1\">Einsendung des Beitrags<\/td><td class=\"column-2\">Nach der Tagung<\/td><td class=\"column-3\">via Website<\/td>\n<\/tr>\n<\/tbody>\n<\/table>\n<!-- #tablepress-1 from cache --><\/strong>[\/vc_column_text][\/vc_column][\/vc_row][vc_row full_width=&#8221;stretch_row&#8221; content_placement=&#8221;top&#8221; css_animation=&#8221;zoomInRight&#8221; section_id=&#8221;abstract&#8221; css=&#8221;.vc_custom_1628615416396{margin-top: 0px !important;margin-bottom: 0px !important;border-top-width: 0px !important;border-bottom-width: 0px !important;padding-top: 70px !important;padding-bottom: 35px !important;border-top-color: #4e8abf !important;border-bottom-color: #4e8abf !important;border-radius: 3px !important;}&#8221; fullwidth=&#8221;no&#8221; el_class=&#8221;light&#8221; el_id=&#8221;schedule&#8221; parallax_bg=&#8221;0&#8243; stellar_background_ratio=&#8221;0.6&#8243;][vc_column][vc_row_inner][vc_column_inner width=&#8221;1\/4&#8243;]\n      <h3 class=\"section-title \"><span data-animation=\"flipInY\" data-animation-delay=\"\" class=\"icon-inner\"><span class=\"fa-stack\"><i class=\"fa wohex fa-stack-2x\"><\/i><i class=\"fa far fa-clipboard fa-stack-1x\"><\/i><\/span><\/span><span data-animation=\"fadeInRight\" data-animation-delay=\"500\" class=\"title-inner\">Gestaltung des Abstracts <small> <\/small><\/span><\/h3>\n    [\/vc_column_inner][vc_column_inner width=&#8221;3\/4&#8243; css=&#8221;.vc_custom_1628604757804{border-radius: 5px !important;}&#8221;][vc_column_text css=&#8221;.vc_custom_1628621464020{border-radius: 3px !important;}&#8221;]<\/p>\n<ul>\n<li>Abstracts umfassen bis 300 W\u00f6rter mit den folgenden Angaben: Titel, Hauptinhalte, Forschungsmethoden und voraussichtliche Ergebnisse. Abstracts von Deutschlehrer*innen und Wissenschaftler*innen sollen in deutscher Sprache eingereicht werden.<\/li>\n<li>Das Abstract darf noch nie ver\u00f6ffentlicht worden sein.<\/li>\n<li>Alle Abstracts werden einem Review-Verfahren unterzogen. Die Ergebnisse dieses Verfahrens werden am 8. September 2021 unter der Webseite der IGV Tagung <a href=\"https:\/\/tagung.id-germanistenverband.org\/2021\">https:\/\/tagung.id-germanistenverband.org\/2021<\/a><\/li>\n<li>PowerPoint-Folien in deutscher Sprache k\u00f6nnen von einzelnen Vortragenden oder von Gruppen von maximal drei Vortragenden eingereicht werden.<\/li>\n<li>Die ausgew\u00e4hlten Beitr\u00e4ge werden in den indexierten Fachzeitschriften ver\u00f6ffentlicht, und zwar mit <span style=\"text-decoration: underline;\"><strong>einer zus\u00e4tzlichen Publikationsge<\/strong><strong>b\u00fchr<\/strong><\/span>.<\/li>\n<\/ul>\n<p>[\/vc_column_text][vc_empty_space height=&#8221;50px&#8221;][\/vc_column_inner][\/vc_row_inner][vc_row_inner][vc_column_inner width=&#8221;1\/4&#8243;]\n      <h3 class=\"section-title \"><span data-animation=\"flipInY\" data-animation-delay=\"\" class=\"icon-inner\"><span class=\"fa-stack\"><i class=\"fa wohex fa-stack-2x\"><\/i><i class=\"fa fas fa-download fa-stack-1x\"><\/i><\/span><\/span><span data-animation=\"fadeInRight\" data-animation-delay=\"500\" class=\"title-inner\">Dateien herunterladen <small> <\/small><\/span><\/h3>\n    [\/vc_column_inner][vc_column_inner width=&#8221;3\/4&#8243; css=&#8221;.vc_custom_1628604757804{border-radius: 5px !important;}&#8221;][vc_column_text]<\/p>\n<ul>\n<li><strong><a href=\"https:\/\/tagung.id-germanistenverband.org\/2021\/wp-content\/uploads\/2021\/08\/Hinweise-zur-Online-Registrierung-1.pdf\"><span style=\"color: #000000;\">Hinweise zur Online-Registrierung (Pdf)<\/span><\/a><\/strong><\/li>\n<li><span style=\"color: #000000;\"><strong><a style=\"color: #000000;\" href=\"https:\/\/tagung.id-germanistenverband.org\/2021\/wp-content\/uploads\/2021\/08\/Hinweise-zum-Hochladen-des-Abstracts-1.pdf\">Hinweise zum Hochladen des Abstracts (Pdf)<\/a><\/strong><\/span><\/li>\n<\/ul>\n<p>[\/vc_column_text][\/vc_column_inner][\/vc_row_inner][\/vc_column][\/vc_row][vc_row][vc_column][vc_gmaps link=&#8221;#E-8_JTNDaWZyYW1lJTIwc3JjJTNEJTIyaHR0cHMlM0ElMkYlMkZ3d3cuZ29vZ2xlLmNvbSUyRm1hcHMlMkZlbWJlZCUzRnBiJTNEJTIxMW0xOCUyMTFtMTIlMjExbTMlMjExZDM5NTEuMzY2ODA1ODAyMDc5NCUyMTJkMTEyLjYxNDIxMjQ1MDczMDYlMjEzZC03Ljk2MDk5MjI4MTUxMzQxOSUyMTJtMyUyMTFmMCUyMTJmMCUyMTNmMCUyMTNtMiUyMTFpMTAyNCUyMTJpNzY4JTIxNGYxMy4xJTIxM20zJTIxMW0yJTIxMXMweDJlNzg4MjdlM2YwNzQyMTklMjUzQTB4NGM3MTNkMWY2MDY0MTI4YiUyMTJzRmFrdWx0YXMlMjUyMFNhc3RyYSUyNTIwVU0lMjE1ZTAlMjEzbTIlMjExc2VuJTIxMnNpZCUyMTR2MTYyODM0OTQ2MjIwOCUyMTVtMiUyMTFzZW4lMjEyc2lkJTIyJTIwd2lkdGglM0QlMjI2MDAlMjIlMjBoZWlnaHQlM0QlMjI0NTAlMjIlMjBzdHlsZSUzRCUyMmJvcmRlciUzQTAlM0IlMjIlMjBhbGxvd2Z1bGxzY3JlZW4lM0QlMjIlMjIlMjBsb2FkaW5nJTNEJTIybGF6eSUyMiUzRSUzQyUyRmlmcmFtZSUzRQ==&#8221;][\/vc_column][\/vc_row][vc_row equal_height=&#8221;yes&#8221; content_placement=&#8221;top&#8221; css_animation=&#8221;zoomInRight&#8221; section_id=&#8221;contact&#8221; el_class=&#8221;light&#8221; css=&#8221;.vc_custom_1628627783545{background-color: #cccccc !important;border-radius: 3px !important;}&#8221;][vc_column el_id=&#8221;kontakt&#8221;][vc_row_inner][vc_column_inner width=&#8221;1\/4&#8243;]\n      <h3 class=\"section-title \"><span data-animation=\"flipInY\" data-animation-delay=\"300\" class=\"icon-inner\"><span class=\"fa-stack\"><i class=\"fa wohex fa-stack-2x\"><\/i><i class=\"fa far fa-address-card fa-stack-1x\"><\/i><\/span><\/span><span data-animation=\"fadeInRight\" data-animation-delay=\"500\" class=\"title-inner\">Kontakt <small> <\/small><\/span><\/h3>\n    [\/vc_column_inner][vc_column_inner width=&#8221;3\/4&#8243;]\n      <h3 class=\"section-title \"><span data-animation=\"flipInY\" data-animation-delay=\"\" class=\"icon-inner\"><span class=\"fa-stack\"><i class=\"fa wohex fa-stack-2x\"><\/i><i class=\"fa fas fa-phone-square fa-stack-1x\"><\/i><\/span><\/span><span data-animation=\"fadeInRight\" data-animation-delay=\"500\" class=\"title-inner\"> <small> Lilis Afifah (+62 818 0384 2863)<\/small><\/span><\/h3>\n    \n      <h3 class=\"section-title \"><span data-animation=\"flipInY\" data-animation-delay=\"\" class=\"icon-inner\"><span class=\"fa-stack\"><i class=\"fa rhex fa-stack-2x\"><\/i><i class=\"fa fas fa-envelope fa-stack-1x\"><\/i><\/span><\/span><span data-animation=\"fadeInRight\" data-animation-delay=\"500\" class=\"title-inner\"> <small> webinar.agi@gmail.com<\/small><\/span><\/h3>\n    [\/vc_column_inner][\/vc_row_inner][\/vc_column][\/vc_row]<\/p>\n","protected":false},"excerpt":{"rendered":"<p>[vc_row full_width=&#8221;stretch_row_content_no_spaces&#8221;][vc_column][\/vc_column][\/vc_row][vc_row fullwidth=&#8221;no&#8221; bg_image_custom=&#8221;121&#8243; el_id=&#8221;home&#8221; css=&#8221;.vc_custom_1618845764232{margin-top: 0px !important;margin-bottom: 0px !important;border-top-width: 0px !important;border-bottom-width: 0px !important;padding-top: 0px !important;padding-bottom: 0px !important;}&#8221; parallax_bg=&#8221;1&#8243; stellar_background_ratio=&#8221;0.6&#8243;][vc_column css=&#8221;.vc_custom_1417507329606{padding-bottom: 0px !important;}&#8221;][vc_row_inner][vc_column_inner][vc_column_text] [\/vc_column_text][\/vc_column_inner][\/vc_row_inner][\/vc_column][\/vc_row][vc_row content_placement=&#8221;top&#8221; section_id=&#8221;sponsors&#8221; css=&#8221;.vc_custom_1628619902196{margin-top: 0px !important;margin-bottom: 0px !important;border-top-width: 0px !important;border-bottom-width: 0px !important;padding-top: 35px !important;padding-bottom: 60px !important;}&#8221; fullwidth=&#8221;no&#8221; el_id=&#8221;sponsors&#8221; el_class=&#8221;text-center&#8221;<\/p>\n","protected":false},"author":1,"featured_media":1617,"parent":0,"menu_order":0,"comment_status":"closed","ping_status":"closed","template":"home_template.php","meta":{"footnotes":""},"class_list":["post-139","page","type-page","status-publish","has-post-thumbnail","hentry"],"_links":{"self":[{"href":"https:\/\/tagung.id-germanistenverband.org\/2021\/wp-json\/wp\/v2\/pages\/139","targetHints":{"allow":["GET"]}}],"collection":[{"href":"https:\/\/tagung.id-germanistenverband.org\/2021\/wp-json\/wp\/v2\/pages"}],"about":[{"href":"https:\/\/tagung.id-germanistenverband.org\/2021\/wp-json\/wp\/v2\/types\/page"}],"author":[{"embeddable":true,"href":"https:\/\/tagung.id-germanistenverband.org\/2021\/wp-json\/wp\/v2\/users\/1"}],"replies":[{"embeddable":true,"href":"https:\/\/tagung.id-germanistenverband.org\/2021\/wp-json\/wp\/v2\/comments?post=139"}],"version-history":[{"count":245,"href":"https:\/\/tagung.id-germanistenverband.org\/2021\/wp-json\/wp\/v2\/pages\/139\/revisions"}],"predecessor-version":[{"id":2208,"href":"https:\/\/tagung.id-germanistenverband.org\/2021\/wp-json\/wp\/v2\/pages\/139\/revisions\/2208"}],"wp:featuredmedia":[{"embeddable":true,"href":"https:\/\/tagung.id-germanistenverband.org\/2021\/wp-json\/wp\/v2\/media\/1617"}],"wp:attachment":[{"href":"https:\/\/tagung.id-germanistenverband.org\/2021\/wp-json\/wp\/v2\/media?parent=139"}],"curies":[{"name":"wp","href":"https:\/\/api.w.org\/{rel}","templated":true}]}}