{"id":2032,"date":"2021-09-09T23:05:19","date_gmt":"2021-09-09T16:05:19","guid":{"rendered":"https:\/\/tagung.id-germanistenverband.org\/2021\/?page_id=2032"},"modified":"2021-09-11T12:04:01","modified_gmt":"2021-09-11T05:04:01","slug":"einloggen","status":"publish","type":"page","link":"https:\/\/tagung.id-germanistenverband.org\/2021\/einloggen\/","title":{"rendered":"Einloggen"},"content":{"rendered":"\n<hr class=\"wp-block-separator\"\/>\n\n\n<div class='marquee-hsas-shortcode-61' style='width: 100%;overflow: hidden;'><a style=\"text-decoration: none;\" href=\"https:\/\/tagung.id-germanistenverband.org\/2021\/publikation\/\" target=\"_self\"><span style=\"\">Liebe Kolleginnen und Kollegen! \r\nauf vielfachen Wunsch hat sich die Tagungsleitung der 5. iKoniG entschlossen, die Frist f\u00fcr die Einreichung von Beitr\u00e4gen zu verl\u00e4ngern. Nutzen Sie die M\u00f6glichkeit und reichen Sie Ihren Beitrag noch bis einschlie\u00dflich 26. Dezember 2021 ein!<\/span><\/a><\/div><script>jQuery(function(){jQuery('.marquee-hsas-shortcode-61').marquee({allowCss3Support: true,css3easing: 'linear',easing: 'linear',delayBeforeStart: 2000,direction: 'left',duplicated: true,duration: 15000,gap: 600,pauseOnCycle: true,pauseOnHover: true,startVisible: true});});<\/script>\n\n\n\n<hr class=\"wp-block-separator\"\/>\n\n\n\n<p class=\"has-text-align-center\"><strong>\u00dcberpr\u00fcfen Sie Ihre E-Mailadresse und Ihr Passwort, wenn Sie sich nicht einloggen k\u00f6nnen. <\/strong><\/p>\n\n\n\n<p class=\"has-text-align-center\"><strong>Haben Sie Ihr Passwort vergessen? Verwenden Sie bitte &#8220;Passwort zur\u00fccksetzen&#8221;<\/strong>.<\/p>\n\n\n\n<p class=\"has-text-align-center\"><\/p>\n\n\n\n<div class=\"wp-block-columns is-layout-flex wp-container-core-columns-is-layout-9d6595d7 wp-block-columns-is-layout-flex\">\n<div class=\"wp-block-column is-layout-flow wp-block-column-is-layout-flow\"><\/div>\n\n\n\n<div class=\"wp-block-column is-layout-flow wp-block-column-is-layout-flow\">\n<div class=\"wp-block-buttons is-layout-flex wp-block-buttons-is-layout-flex\">\n<div class=\"wp-block-button has-custom-font-size has-small-font-size\"><a class=\"wp-block-button__link\" href=\"https:\/\/tagung.id-germanistenverband.org\/2021\/anmeldung\/\">Einloggen<\/a><\/div>\n<\/div>\n<\/div>\n\n\n\n<div class=\"wp-block-column is-layout-flow wp-block-column-is-layout-flow\"><\/div>\n\n\n\n<div class=\"wp-block-column is-layout-flow wp-block-column-is-layout-flow\">\n<div class=\"wp-block-buttons is-layout-flex wp-block-buttons-is-layout-flex\">\n<div class=\"wp-block-button has-custom-font-size has-small-font-size\"><a class=\"wp-block-button__link\" href=\"https:\/\/tagung.id-germanistenverband.org\/2021\/anmeldung\/?task=lostpassword\">Passwort zur\u00fccksetzen<\/a><\/div>\n<\/div>\n<\/div>\n\n\n\n<div class=\"wp-block-column is-layout-flow wp-block-column-is-layout-flow\"><\/div>\n<\/div>\n\n\n\n<p class=\"has-text-align-center\"><strong><span class=\"has-inline-color has-vivid-red-color\">Um Ihre Dateien (\u00fcberarbeiteten Abstract und PPT) hochladen zu k\u00f6nnen, loggen Sie sich bitte zuerst ein. Danach klicken Sie das Men\u00fc Hochladen auf der rechten Seite.<\/span><\/strong><\/p>\n\n\n\n<div class=\"wp-block-buttons is-layout-flex wp-block-buttons-is-layout-flex\"><\/div>\n\n\n\n<p><\/p>\n","protected":false},"excerpt":{"rendered":"<p>\u00dcberpr\u00fcfen Sie Ihre E-Mailadresse und Ihr Passwort, wenn Sie sich nicht einloggen k\u00f6nnen. Haben Sie Ihr Passwort vergessen? Verwenden Sie bitte &#8220;Passwort zur\u00fccksetzen&#8221;. Um Ihre Dateien (\u00fcberarbeiteten Abstract und PPT) hochladen zu k\u00f6nnen, loggen Sie sich bitte zuerst ein. Danach klicken Sie<\/p>\n","protected":false},"author":1,"featured_media":0,"parent":0,"menu_order":0,"comment_status":"closed","ping_status":"closed","template":"","meta":{"footnotes":""},"class_list":["post-2032","page","type-page","status-publish","hentry"],"_links":{"self":[{"href":"https:\/\/tagung.id-germanistenverband.org\/2021\/wp-json\/wp\/v2\/pages\/2032","targetHints":{"allow":["GET"]}}],"collection":[{"href":"https:\/\/tagung.id-germanistenverband.org\/2021\/wp-json\/wp\/v2\/pages"}],"about":[{"href":"https:\/\/tagung.id-germanistenverband.org\/2021\/wp-json\/wp\/v2\/types\/page"}],"author":[{"embeddable":true,"href":"https:\/\/tagung.id-germanistenverband.org\/2021\/wp-json\/wp\/v2\/users\/1"}],"replies":[{"embeddable":true,"href":"https:\/\/tagung.id-germanistenverband.org\/2021\/wp-json\/wp\/v2\/comments?post=2032"}],"version-history":[{"count":11,"href":"https:\/\/tagung.id-germanistenverband.org\/2021\/wp-json\/wp\/v2\/pages\/2032\/revisions"}],"predecessor-version":[{"id":2085,"href":"https:\/\/tagung.id-germanistenverband.org\/2021\/wp-json\/wp\/v2\/pages\/2032\/revisions\/2085"}],"wp:attachment":[{"href":"https:\/\/tagung.id-germanistenverband.org\/2021\/wp-json\/wp\/v2\/media?parent=2032"}],"curies":[{"name":"wp","href":"https:\/\/api.w.org\/{rel}","templated":true}]}}